{"id":2529,"date":"2020-03-02T15:35:10","date_gmt":"2020-03-02T18:35:10","guid":{"rendered":"http:\/\/batista-ma.org.br\/?page_id=2529"},"modified":"2020-03-09T13:25:34","modified_gmt":"2020-03-09T16:25:34","slug":"jubama-relatorio-2019","status":"publish","type":"page","link":"https:\/\/batista-ma.org.br\/?page_id=2529","title":{"rendered":"JUBAMA &#8211; RELAT\u00d3RIO &#8211; 2019"},"content":{"rendered":"<h3><img loading=\"lazy\" decoding=\"async\" class=\"alignleft wp-image-2793 \" src=\"https:\/\/batista-ma.org.br\/wp-content\/uploads\/2020\/03\/amanda.jpg\" alt=\"\" width=\"151\" height=\"141\" \/><\/h3>\n<h3><\/h3>\n<h3><\/h3>\n<p><strong>Amanda Joselia da Silva Albuquerque<\/strong><br \/>\nPresidente da JUBAMA<\/p>\n<h3><\/h3>\n<h3><strong>\u00a0PALAVRA DA PRESIDENTE<\/strong><\/h3>\n<p>\u201cO Senhor \u00e9 a minha for\u00e7a e o meu escudo; nEle meu cora\u00e7\u00e3o confia, e dele recebo ajuda. Meu cora\u00e7\u00e3o exulta de alegria, e com o meu c\u00e2ntico lhe darei gra\u00e7as. \u201d<\/p>\n<p>Salmos 28:7<\/p>\n<p>Louvo a Deus pelos seus feitos, pelos jovens, por confiar a mim esta t\u00e3o grande responsabilidade, sou grata por fazer parte desta conven\u00e7\u00e3o e servir a JUBAMA.<br \/>\nNosso pedido a Deus \u00e9 que cada dia nossa juventude esteja comprometida com a obra, que nossa prioridade seja o reino e assim possamos crescer em sabedoria e gra\u00e7a.<br \/>\nNosso agradecimento a todos que t\u00eam apoiado e acreditado em nosso trabalho, a Conven\u00e7\u00e3o Batista Maranhense, \u00e1s igrejas e associa\u00e7\u00f5es, aos irm\u00e3os e pastores e ao nosso conselheiro Pr. Ruben Silva, Deus os aben\u00e7oe.<br \/>\nToda gloria seja dada ao Senhor pelos feitos a essa juventude, e cremos que grandes coisas Ele ainda far\u00e1.<br \/>\nNo amor de Cristo Jesus,<\/p>\n<p>Amanda Joselia da Silva Albuquerque<\/p>\n<p>&nbsp;<\/p>\n<p><img loading=\"lazy\" decoding=\"async\" class=\"alignleft wp-image-2631 size-full\" src=\"https:\/\/batista-ma.org.br\/wp-content\/uploads\/2020\/02\/virna-e1583770183148.jpg\" alt=\"\" width=\"127\" height=\"144\" \/><\/p>\n<p>&nbsp;<\/p>\n<p>&nbsp;<\/p>\n<p><strong>Virna de Azevedo Silva<\/strong><br \/>\n<strong>Secret\u00e1ria Executiva<\/strong><strong>\u00a0da JUBAMA<\/strong><\/p>\n<h3 style=\"text-align: center;\"><\/h3>\n<h3><strong>\u00a0PALAVRA DA SECRETARIA EXECUTIVA <\/strong><\/h3>\n<p><strong>\u201cDou gra\u00e7as ao meu Deus todas as vezes que me lembro de v\u00f3s, fazendo sempre com alegria ora\u00e7\u00e3o por v\u00f3s em todas as minhas suplicas. Tendo por certo isto mesmo, que aquele que em v\u00f3s come\u00e7ou a boa obra a aperfei\u00e7oar\u00e1 at\u00e9 ao dia de Jesus Cristo;\u201d<\/strong><strong>\u00a0 \u00a0Filipenses 1:3-6<\/strong><strong>\u00a0<\/strong><br \/>\n<strong>\u00a0\u00a0\u00a0\u00a0\u00a0 <\/strong>\u201cAt\u00e9 aqui nos ajudou o SENHOR\u201d, encerramos mais um ano Convencional, cheio de desafios e dificuldades, cheio tamb\u00e9m de crescimento e aprendizado, e \u00a0repleto das b\u00ean\u00e7\u00e3os do\u00a0 \u00a0 \u00a0 \u00a0 \u00a0 \u00a0 SENHOR.<br \/>\nAgradecemos a Deus, a vida da Juventude Batista Maranhense, pelo trabalho realizado na Obra do SENHOR.<br \/>\nNossa gratid\u00e3o a CBM por toda ajuda e incentivo dispensados a JUBAMA, valeu Pr. Aquiles e toda diretoria! Ao nosso Conselheiro, Pr. Rubens, sempre pronto a nos orientar e apoiar.<br \/>\nAos amados pastores e lideres pelo apoio, a Diretoria da JUBAMA, pela dedica\u00e7\u00e3o e disponibilidade, mesmo em meio a v\u00e1rias dificuldades enfrentadas por cada um, gratid\u00e3o a JBB pelo total apoio na realiza\u00e7\u00e3o da Confer\u00eancia da Juventude, que aconteceu no ABA.<br \/>\nQue Deus nos capacite para realizarmos a sua obra de maneira que o nome do SENHOR JESUS seja honrado e Glorificado.<strong>\u00a0<\/strong><\/p>\n<p><strong>Virna de Azevedo Silva<\/strong><\/p>\n<p><strong>Secret\u00e1ria Executiva<\/strong><strong>\u00a0<\/strong><\/p>\n<h4><strong>COMPOSI\u00c7\u00c3O<\/strong><\/h4>\n<p><strong>DIRETORIA<\/strong><\/p>\n<p><strong>Presidente: <\/strong>Amanda Jos\u00e9lia da Silva Albuquerque <strong>(PIB Ros\u00e1rio)<\/strong><\/p>\n<p><strong>1\u00ba Vice-presidente: <\/strong>Pr. Salom\u00e3o C\u00e9sar Tavares Moura <strong>(IB Hebrom)<\/strong><\/p>\n<p><strong>2\u00ba Vice-presidente: <\/strong>Danilo Costa Leit\u00e3o Ferreira<strong> (SIB S\u00e3o Luis)<\/strong><\/p>\n<p><strong>1\u00ba Secret\u00e1ria: <\/strong>Sandra Raquel Silva Santos<strong> (IB Monte Sinai)<\/strong><\/p>\n<p><strong>2\u00ba Secret\u00e1ria: <\/strong>Larissa Pestana Gomes<strong> (PIB Ros\u00e1rio)<\/strong><\/p>\n<p><strong>Secret\u00e1ria Executiva: <\/strong>Virna de Azevedo Silva <strong>(SIB Caxias)<\/strong><\/p>\n<p><strong>Conselheiro: <\/strong>Pr. Ruben Aureliano da Silva<strong> (IB Fonte de Vida)<\/strong><\/p>\n<h3 style=\"text-align: center;\"><strong>\u00a0RELAT\u00d3RIO DE ATIVIDADES<\/strong><\/h3>\n<p><strong>\u00a0<\/strong><strong>ABRIL DE 2019<\/strong><\/p>\n<p>&#8211; 1\u00ba Mobiliza Jovens \u2013 IB Uni\u00e3o em Cristo<\/p>\n<p><strong>MAIO DE 2019<\/strong><\/p>\n<p>&#8211; 3\u00ba Caf\u00e9 com l\u00edderes \u2013 IB Monte Sinai<\/p>\n<p><strong>JUNHO DE 2019<\/strong><\/p>\n<p>&#8211; Ministra\u00e7\u00e3o da palavra na IB em Cachoeira Grande<\/p>\n<p>&#8211; 26\u00ba Assembleia da Associa\u00e7\u00e3o das Igrejas Batistas do Vale do Munim \u2013 PIB em Bacabeira<\/p>\n<p><strong>JULHO DE 2019<\/strong><\/p>\n<p>&#8211; Confer\u00eancia Nacional dos Jovens Batistas\u00a0 &#8211; DESPERTAR 19 \u2013 Rio de Janeiro<\/p>\n<p><strong>AGOSTO DE 2019<\/strong><\/p>\n<p>&#8211; Congresso de jovens &#8211; PIB em Ros\u00e1rio<\/p>\n<p>&#8211; 1\u00ba Confer\u00eancia jovem \u201cCaia na real\u201d \u2013 PIB em Parque Jair<\/p>\n<p>&#8211; Caf\u00e9 com l\u00edderes \u2013 IB Nova Alian\u00e7a<\/p>\n<p>&#8211; Confrajovem da Juventude dos Cocais \u00a0\u2013 PIB Caxias<\/p>\n<p>&#8211; Ministra\u00e7\u00e3o da palavra na EBD \u2013 PIB em Santa Rita<\/p>\n<p>&#8211; Encontro Igreja Multiplicadora para Pastores e L\u00edderes na IB da Vermelha (Teresina-PI)<\/p>\n<p><strong>SETEMBRO DE 2019<\/strong><\/p>\n<p>&#8211; Confer\u00eancia jovem \u201cMobilizando pessoas, transformando vidas! \u201c \u2013 S\u00e3o Lu\u00eds (ABA), realizado pela JUBAMA e com o apoio da JBB<\/p>\n<p><strong>OUTUBRO DE 2019<\/strong><\/p>\n<p><strong>&#8211; Reuni\u00e3o de Diretoria<\/strong><\/p>\n<p><strong>NOVEMBRO DE 2019<\/strong><\/p>\n<p>&#8211; Evangelismo \u2013 Vila Arari \u2013 JUBAIBA<\/p>\n<p>&#8211; Representatividade no congresso da UFMBMA<\/p>\n<p>&#8211; Acampamento dos jovens da SIB em S\u00e3o Luis<\/p>\n<p>&#8211; Reuni\u00e3o do conselho da JBB em Recife-PE<\/p>\n<p><strong>\u00a0<\/strong><strong>DEZEMBRO DE 2019<\/strong><\/p>\n<p>&#8211; Reuni\u00e3o do conselho da CBM<\/p>\n<p>&#8211; Caf\u00e9 com l\u00edderes no col\u00e9gio batista oferecido pela editora Hagnos<\/p>\n<p><strong> PLANEJAMENTO<\/strong><\/p>\n<p>&#8211; Congresso TEEN 2020<\/p>\n<p>&#8211; CONJUBAMA 2020<\/p>\n<p>&#8211; Reforma sala da JUBAMA<\/p>\n<p>&nbsp;<\/p>\n<h4 style=\"text-align: center;\"><strong> PROPOSTA OR\u00c7AMENT\u00c1RIA<\/strong><strong>\u00a0<\/strong><\/h4>\n<p><strong>PROPOSTA OR\u00c7AMENT\u00c1RIA 2020-2021<\/strong><\/p>\n<table width=\"0\">\n<tbody>\n<tr>\n<td style=\"text-align: center;\" colspan=\"4\" width=\"671\">\n<table width=\"0\">\n<tbody>\n<tr>\n<td colspan=\"4\" width=\"671\"><strong>DESCRI\u00c7\u00c3O<\/strong><\/td>\n<\/tr>\n<\/tbody>\n<\/table>\n<\/td>\n<\/tr>\n<tr>\n<td width=\"110\"><strong>\u00a0<\/strong><\/td>\n<td width=\"319\"><strong>RECEITAS<\/strong><\/td>\n<td width=\"130\"><strong>MENSAL<\/strong><\/td>\n<td width=\"112\"><strong>ANUAL<\/strong><\/td>\n<\/tr>\n<tr>\n<td width=\"110\"><strong>\u00a0<\/strong><\/td>\n<td width=\"319\">REPASSE CBM 7%<\/td>\n<td width=\"130\">3.602,55<\/td>\n<td width=\"112\">43.230,60<\/td>\n<\/tr>\n<tr>\n<td width=\"110\"><strong>\u00a0<\/strong><\/td>\n<td width=\"319\"><strong>TOTAL<\/strong><\/td>\n<td width=\"130\"><strong>3.602,55<\/strong><\/td>\n<td width=\"112\"><strong>43.230,60<\/strong><\/td>\n<\/tr>\n<tr>\n<td width=\"110\"><strong>\u00a0<\/strong><\/td>\n<td width=\"319\"><strong>\u00a0<\/strong><\/td>\n<td width=\"130\"><strong>\u00a0<\/strong><\/td>\n<td width=\"112\"><strong>\u00a0<\/strong><\/td>\n<\/tr>\n<tr>\n<td width=\"110\"><strong>\u00a0<\/strong><\/td>\n<td width=\"319\"><strong>DESPESAS<\/strong><\/td>\n<td width=\"130\"><strong>\u00a0<\/strong><\/td>\n<td width=\"112\"><strong>\u00a0<\/strong><\/td>\n<\/tr>\n<tr>\n<td width=\"110\"><strong>\u00a0<\/strong><\/td>\n<td width=\"319\"><strong>DESPESA FIXA COM PESSOAL(Sec. Executiva)<\/strong><\/td>\n<td width=\"130\"><strong>\u00a0<\/strong><\/td>\n<td width=\"112\"><strong>\u00a0<\/strong><\/td>\n<\/tr>\n<tr>\n<td width=\"110\"><strong>\u00a0<\/strong><\/td>\n<td width=\"319\">Prebenda<\/td>\n<td width=\"130\">1.000,00<\/td>\n<td width=\"112\">12.000,00<\/td>\n<\/tr>\n<tr>\n<td width=\"110\"><strong>\u00a0<\/strong><\/td>\n<td width=\"319\">Representatividade da Presidente<\/td>\n<td width=\"130\">400,00<\/td>\n<td width=\"112\">4.800,00<\/td>\n<\/tr>\n<tr>\n<td width=\"110\"><strong>\u00a0<\/strong><\/td>\n<td width=\"319\">Representatividade da Executiva<\/td>\n<td width=\"130\">400,00<\/td>\n<td width=\"112\">4.800,00<\/td>\n<\/tr>\n<tr>\n<td width=\"110\"><strong>\u00a0<\/strong><\/td>\n<td width=\"319\">Treinamentos<\/td>\n<td width=\"130\">300,00<\/td>\n<td width=\"112\">3.600,00<\/td>\n<\/tr>\n<tr>\n<td width=\"110\"><strong>\u00a0<\/strong><\/td>\n<td width=\"319\">Despesas Extraordin\u00e1rias<\/td>\n<td width=\"130\">300,00<\/td>\n<td width=\"112\">3.600,00<\/td>\n<\/tr>\n<tr>\n<td width=\"110\"><strong>\u00a0<\/strong><\/td>\n<td width=\"319\"><strong>TOTAL<\/strong><\/td>\n<td width=\"130\"><strong>2.400,00<\/strong><\/td>\n<td width=\"112\"><strong>28.800,00<\/strong><\/td>\n<\/tr>\n<tr>\n<td width=\"110\"><\/td>\n<td width=\"319\"><strong>RECEITAS<\/strong><\/td>\n<td width=\"130\">3.602,55<\/td>\n<td width=\"112\">43.230,60<\/td>\n<\/tr>\n<tr>\n<td width=\"110\"><\/td>\n<td width=\"319\"><strong>\u00a0DESPESAS<\/strong><\/td>\n<td width=\"130\">2.400,00<\/td>\n<td width=\"112\">28.800,00<\/td>\n<\/tr>\n<tr>\n<td width=\"110\"><\/td>\n<td width=\"319\"><strong>\u00a0SALDO<\/strong><\/td>\n<td width=\"130\"><strong>1.202,55<\/strong><\/td>\n<td width=\"112\"><strong>14.430,60<\/strong><\/td>\n<\/tr>\n<\/tbody>\n<\/table>\n<h4 style=\"text-align: center;\"><strong>\u00a0RELAT\u00d3RIO FINANCEIRO<\/strong><\/h4>\n<p>&nbsp;<\/p>\n","protected":false},"excerpt":{"rendered":"<p>Amanda Joselia da Silva Albuquerque Presidente da JUBAMA \u00a0PALAVRA DA PRESIDENTE \u201cO Senhor \u00e9 a minha for\u00e7a e o meu escudo; nEle meu cora\u00e7\u00e3o confia, e dele recebo ajuda. Meu cora\u00e7\u00e3o exulta de alegria, e com o meu c\u00e2ntico lhe darei gra\u00e7as. \u201d Salmos 28:7 Louvo a Deus pelos seus feitos, pelos jovens, por confiar [&hellip;]<\/p>\n","protected":false},"author":2,"featured_media":0,"parent":0,"menu_order":0,"comment_status":"closed","ping_status":"closed","template":"","meta":{"_themeisle_gutenberg_block_has_review":false,"footnotes":""},"class_list":["post-2529","page","type-page","status-publish"],"_links":{"self":[{"href":"https:\/\/batista-ma.org.br\/index.php?rest_route=\/wp\/v2\/pages\/2529"}],"collection":[{"href":"https:\/\/batista-ma.org.br\/index.php?rest_route=\/wp\/v2\/pages"}],"about":[{"href":"https:\/\/batista-ma.org.br\/index.php?rest_route=\/wp\/v2\/types\/page"}],"author":[{"embeddable":true,"href":"https:\/\/batista-ma.org.br\/index.php?rest_route=\/wp\/v2\/users\/2"}],"replies":[{"embeddable":true,"href":"https:\/\/batista-ma.org.br\/index.php?rest_route=%2Fwp%2Fv2%2Fcomments&post=2529"}],"version-history":[{"count":9,"href":"https:\/\/batista-ma.org.br\/index.php?rest_route=\/wp\/v2\/pages\/2529\/revisions"}],"predecessor-version":[{"id":2794,"href":"https:\/\/batista-ma.org.br\/index.php?rest_route=\/wp\/v2\/pages\/2529\/revisions\/2794"}],"wp:attachment":[{"href":"https:\/\/batista-ma.org.br\/index.php?rest_route=%2Fwp%2Fv2%2Fmedia&parent=2529"}],"curies":[{"name":"wp","href":"https:\/\/api.w.org\/{rel}","templated":true}]}}