{"id":2526,"date":"2020-03-02T15:34:28","date_gmt":"2020-03-02T18:34:28","guid":{"rendered":"http:\/\/batista-ma.org.br\/?page_id=2526"},"modified":"2020-03-20T15:54:19","modified_gmt":"2020-03-20T18:54:19","slug":"uhbm-relatorio-2019","status":"publish","type":"page","link":"https:\/\/batista-ma.org.br\/?page_id=2526","title":{"rendered":"UMHB &#8211; RELAT\u00d3RIO &#8211; 2019"},"content":{"rendered":"<p><img loading=\"lazy\" decoding=\"async\" class=\"alignleft wp-image-2618 size-full\" src=\"https:\/\/batista-ma.org.br\/wp-content\/uploads\/2020\/02\/Luis-Bernardo.jpg\" alt=\"\" width=\"130\" height=\"162\" \/><\/p>\n<p>&nbsp;<\/p>\n<p>&nbsp;<\/p>\n<p>&nbsp;<\/p>\n<p>SEMINARISTA<strong> LUIS BERNARDO EVANGELISTA DOS SANTOS<\/strong><\/p>\n<p>PRESIDENTE DA UNI\u00c3O MISSION\u00c1RIA DE HOMENS BATISTA MARANHENSE<\/p>\n<p>Gra\u00e7a e paz meus queridos\u00a0irm\u00e3os homens Batista do Maranh\u00e3o.\u00a0Trago como inspira\u00e7\u00e3o\u00a0o texto que se encontra no livro de Neemias 4:14,19,20.<\/p>\n<p>&#8220;Fiz uma r\u00e1pida\u00a0inspe\u00e7\u00e3o e\u00a0imediatamente disse aos nobre, aos oficiais\u00a0e ao restante do povo: n\u00e3o tenham medo deles, lembrem-se de queo Senhor\u00a0\u00e9 grande e\u00a0tem\u00edvel, e lutem por seus irm\u00e3os, por seus filhos, e por sua casa. Ent\u00e3o eu disse aos nobres,\u00a0 aos oficiais e ao restante do povo: \u00a0A obra \u00e9 grande e extensa e estamos separados distantes uns dos outros ao longo do muro. [&#8230;] juntem-se a n\u00f3s,\u00a0ALI NOSSO DEUS LUTARA POR N\u00d3S &#8220;.Como bem fez Neemias, tamb\u00e9m eu fiz uma inspe\u00e7\u00e3o em nossa organiza\u00e7\u00e3o; tenho sido um intransigente defensor da nossa organiza\u00e7\u00e3o a n\u00edvel Nacional: pleiteando o fim da interven\u00e7\u00e3o na\u00a0UMHBB\u00a0na assembl\u00e9ia\u00a0nacional\u00a0em Natal, depois de termos participado do f\u00f3rum em Bras\u00edlia no m\u00eas de novembro\u00a0de 2018, onde tratamos do futuro da nossa organiza\u00e7\u00e3o. Fomos a Natal\u00a0em abril de 2019 e por fim agora em janeiro de\u00a02020 participamos ativamente\u00a0 da CBB em Goi\u00e2nia. Sempre\u00a0pautado nos fundamentos\u00a0das sagradas escrituras.\u00a0\u00a0Apoiado em Neemias\u00a04:20 &#8220;o Senhor peleja por n\u00f3s &#8220;. Me mantive firme no prop\u00f3sito\u00a0de tornar mais relevante a n\u00edvel Nacional\u00a0o nosso trabalho realizado aqui no Maranh\u00e3o.\u00a0 Hoje a UMHBMA\u00a0tem sido um modelo para outras a n\u00edvel Nacional, isso nos anima a continuar trabalhando duro focado no alvo que \u00e9 &#8216;proclamar a gl\u00f3ria de Deus&#8217; atrav\u00e9s\u00a0das organiza\u00e7\u00f5es mission\u00e1rias\u00a0da nossa organiza\u00e7\u00e3o UMHB-MA .Entendo que o nosso sucesso \u00e9 fruto do trabalho\u00a0duro de todos os membros de nossa equipe. Pretendemos continuar focado nos alvos a serem alcan\u00e7ados quais sejam: PAM- HOMEM\u00a0BATISTA, DESFILE DOS EMBAIXADORES\u00a0EM 7 DE SETEMBRO, CONGRESSOS, PROJETO ESPERAN\u00c7A, MUTESMI, CAPACITA\u00c7\u00c3O DE LIDERAN\u00c7A E OUTROS; esses s\u00e3o os nossos principais projetos e contamos com o apoio de todos os homens batistas do Maranh\u00e3o.<\/p>\n<p>E que&#8221;DEUS SALVE OS HOMENS BATISTAS\u00a0DO MARANH\u00c3O&#8221;<\/p>\n<p>&nbsp;<\/p>\n<p><strong>Diretoria 2020\/2021<\/strong><\/p>\n<p>Luis Bernardo Evangelista dos Santos \u2013 Presidente<\/p>\n<p>Jorge Murilo Santos de Melo \u2013 Vice Presidente<\/p>\n<p>Luis Carlos Pereira de Sousa \u2013 2\u00ba Vice Presidente<\/p>\n<p>Cleuber Arag\u00e3o de Sousa \u2013\u00a0 1\u00ba Secret\u00e1rio<\/p>\n<p>Tiago Tadeu Melo Costa \u2013 Secret\u00e1rio Executivo<\/p>\n<p>&nbsp;<\/p>\n<p><strong><u>NOSSOS PROJETOS<\/u><\/strong><strong>\u00a0<\/strong><\/p>\n<h3><strong>PROJETO ESPERAN\u00c7A\u00a0<\/strong><strong>\u201cJESUS CRISTO\u00a0<\/strong><strong>\u00c9 A \u00daNICA ESPERAN\u00c7A\u201d<\/strong><strong><em>\u00a0<\/em><\/strong><\/h3>\n<p><strong><em>\u201c<\/em><\/strong><strong><em>E em nenhum outro h\u00e1 salva\u00e7\u00e3o, porque debaixo do c\u00e9u nenhum outro nome h\u00e1, dado entre os homens, pelo qual devamos ser salvos. \u201c <\/em><\/strong><\/p>\n<p><strong><em>(Atos 4.12)<\/em><\/strong><\/p>\n<h5>UM PROJETO SOCIAL e EVANGEL\u00cdSTICO<strong>\u00a0<\/strong><\/h5>\n<p><strong>CADASTRE-SE!<\/strong><\/p>\n<p>(M\u00e9dicos, Advogados, Enfermeiros, Auxiliares e T\u00e9cnicos, Profissionais Liberais, Pastores, Evangelistas, Obreiros, Cabeleireiros e outros Profissionais)<\/p>\n<p>Participe deste projeto e aben\u00e7oe vidas.<\/p>\n<p><strong><em>Programa Social, Evangelismo, Culto P\u00fablico e Exibi\u00e7\u00e3o do Filme Jesus.<\/em><\/strong><\/p>\n<h3><strong><u>MUTESMI<\/u><\/strong><\/h3>\n<p>Mutir\u00e3o Estadual Mission\u00e1rio, foi criado em 18 de Dezembro de 2015,\u00a0 em reuni\u00e3o do Conselho da UMHB-MA. Este \u00e9 um projeto mission\u00e1rio idealizado para aben\u00e7oar o campo Batista Maranhense atrav\u00e9s da constru\u00e7\u00e3o de templos, alavancando o trabalho Batista em nosso estado. O MUTESMI acontece da seguinte forma:<\/p>\n<ul>\n<li>Os recursos financeiros levantados atrav\u00e9s das SMHB\u2019s em todo o estado.<\/li>\n<li>Anualmente, entre os meses de Novembro e Dezembro, as SMHB\u2019s far\u00e3o um culto para arrecada\u00e7\u00e3o do alvo proposto. Tal alvo ser\u00e1 computado para a sua associa\u00e7\u00e3o que por sua vez tem o seu alvo proposto pela UMHB-MA<\/li>\n<li>No m\u00eas de Janeiro do ano subseq\u00fcente, em um dos locais solicitados pelas associa\u00e7\u00f5es e escolhido pela Assembl\u00e9ia da UMHB-MA os Homens Batista do Maranh\u00e3o estar\u00e3o reunidos em forma de mutir\u00e3o para a constru\u00e7\u00e3o.<\/li>\n<\/ul>\n<p>O primeiro MUTESMI aconteceu na cidade Pinheiro, no povoado Curitiba, o segundo na cidade de Lima Campos. Tivemos a participa\u00e7\u00e3o de homens de v\u00e1rias das nossas associa\u00e7\u00f5es, que se dispuseram a participar da constru\u00e7\u00e3o. E para honra e gl\u00f3ria do nosso Senhor, os templos est\u00e3o conclu\u00eddos. Agradecemos \u00e0 Deus e \u00e0 todos os irm\u00e3os que estiveram abra\u00e7ados conosco nesta causa nobre, contribuindo, orando, indo, incentivando e de todas as formas que muitas vezes nem chegam ao nosso conhecimento. Gl\u00f3rias a Deus pela vida de cada um.<\/p>\n<p>Venha, participe conosco.<\/p>\n<h3><strong>PAM HOMEM BATISTA<\/strong><strong>\u00a0<\/strong><\/h3>\n<p><strong>PAM HOMEM BATISTA \u2013 UMHB-MA<\/strong> O que \u00e9 o PAM HOMEM BATISTA? \u201cEstou executando um grande projeto e n\u00e3o posso descer.\u201d Neemias 6.3b<\/p>\n<p>Amados irm\u00e3os, O PAM HOMEM BATISTA \u00e9 um projeto que visa alavancar a nossa organiza\u00e7\u00e3o, para que possamos assistir melhor o nosso povo, com: \u2022 Produ\u00e7\u00e3o de literatura; \u2022 Promo\u00e7\u00e3o de capacita\u00e7\u00e3o; \u2022 Assist\u00eancia \u00e0s uni\u00f5es em associa\u00e7\u00f5es e regi\u00f5es do estado; \u2022 Viagens da diretoria para ministra\u00e7\u00e3o de palestras e capacita\u00e7\u00f5es; \u2022 Representa\u00e7\u00e3o da presid\u00eancia em eventos nacionais e regionais; \u2022 Ajuda financeira para lideres associacionais para melhor desenvolvimento do trabalho na sua associa\u00e7\u00e3o. Quais as formas de ado\u00e7\u00e3o? \u201cD\u00eaem, e lhes ser\u00e1 dado: uma boa medida, calcada, sacudida e transbordante ser\u00e1 dada a voc\u00eas. Pois a medida que usarem, tamb\u00e9m ser\u00e1 usada para medir voc\u00eas.\u201d Lucas 6:38 O homem batista disp\u00f5e de tr\u00eas formas de ado\u00e7\u00e3o: 1. 1 (uma) anuidade de R$100,00; 2. 1 (uma) anuidade de R$60,00; 3. 12 (doze) mensalidades de R$10,00. O que o adotante ter\u00e1 como contra-partida? \u2022 Os adotantes das modalidades 1 ou 3 receber\u00e3o: 1. Um exemplar da revista O HOMEM BATISTA, trimestralmente; 2. Isen\u00e7\u00e3o de inscri\u00e7\u00f5es em eventos promovidos pela UMHB-MA; 3. Um brinde no fim do ano. \u2022 Os adotantes na modalidade 2 receber\u00e3o: 1. Um exemplar da revista O HOMEM BATISTA, trimestralmente; 2. Um brinde no fim do ano. \u201cPois nada \u00e9 imposs\u00edvel para Deus.\u201d Lucas 1.37<\/p>\n<p>&nbsp;<\/p>\n<table style=\"height: 2724px;\" width=\"597\">\n<tbody>\n<tr>\n<td colspan=\"4\" width=\"564\"><strong>PROPOSTA OR\u00c7AMENT\u00c1RIA \u2013 2020<\/strong><\/td>\n<\/tr>\n<tr>\n<td width=\"42\"><\/td>\n<td width=\"379\"><\/td>\n<td colspan=\"2\" width=\"143\"><strong>2020<\/strong><\/td>\n<\/tr>\n<tr>\n<td colspan=\"2\" width=\"421\"><strong>1. RECEITAS<\/strong><\/td>\n<td width=\"81\"><strong>PREVISTO<\/strong><\/td>\n<td width=\"62\"><strong>%<\/strong><\/td>\n<\/tr>\n<tr>\n<td width=\"42\"><strong>1.1.<\/strong><\/td>\n<td width=\"379\"><strong>FIXAS<\/strong><\/td>\n<td width=\"81\"><\/td>\n<td width=\"62\"><\/td>\n<\/tr>\n<tr>\n<td width=\"42\"><strong>1.1.1<\/strong><\/td>\n<td width=\"379\">REPASSE DA CBM<\/td>\n<td width=\"81\">\u00a0\u00a0\u00a0\u00a0 48.000,00<\/td>\n<td width=\"62\">38,10%<\/td>\n<\/tr>\n<tr>\n<td width=\"42\"><strong>1.2<\/strong><\/td>\n<td width=\"379\"><strong>EXTRAORDIN\u00c1RIA<\/strong><\/td>\n<td width=\"81\"><\/td>\n<td width=\"62\"><\/td>\n<\/tr>\n<tr>\n<td width=\"42\">1.2.1<\/td>\n<td width=\"379\">MATERIAIS PROMOCIONAIS<\/td>\n<td width=\"81\">\u00a0\u00a0\u00a0\u00a0 18.000,00<\/td>\n<td width=\"62\">14,28%<\/td>\n<\/tr>\n<tr>\n<td width=\"42\">1.2.2<\/td>\n<td width=\"379\">OFERTAS DESIGNADAS<\/td>\n<td width=\"81\">\u00a0\u00a0\u00a0\u00a0 60.000,00<\/td>\n<td width=\"62\">47,62%<\/td>\n<\/tr>\n<tr>\n<td width=\"42\"><\/td>\n<td width=\"379\"><\/td>\n<td width=\"81\">\u00a0\u00a0 126.000,00<\/td>\n<td width=\"62\">100,00%<\/td>\n<\/tr>\n<tr>\n<td width=\"42\"><\/td>\n<td width=\"379\"><\/td>\n<td width=\"81\"><\/td>\n<td width=\"62\"><\/td>\n<\/tr>\n<tr>\n<td width=\"42\"><\/td>\n<td width=\"379\"><\/td>\n<td colspan=\"2\" width=\"143\"><strong>2020<\/strong><\/td>\n<\/tr>\n<tr>\n<td colspan=\"2\" width=\"421\"><strong>2. DESPESAS<\/strong><\/td>\n<td width=\"81\"><strong>PREVISTO<\/strong><\/td>\n<td width=\"62\"><strong>%<\/strong><\/td>\n<\/tr>\n<tr>\n<td width=\"42\"><strong>2.1.<\/strong><\/td>\n<td width=\"379\"><strong>ADMINISTRATIVAS<\/strong><\/td>\n<td width=\"81\"><\/td>\n<td width=\"62\"><\/td>\n<\/tr>\n<tr>\n<td width=\"42\">2.1.1<\/td>\n<td width=\"379\">TELEFONE FIXO<\/td>\n<td width=\"81\"><\/td>\n<td width=\"62\">0,00%<\/td>\n<\/tr>\n<tr>\n<td width=\"42\">2.2.2<\/td>\n<td width=\"379\">MATERIAL DE ESCRIT\u00d3RIO E EXPEDIENTE<\/td>\n<td width=\"81\">\u00a0\u00a0\u00a0\u00a0\u00a0\u00a0\u00a0\u00a0 600,00<\/td>\n<td width=\"62\">0,47%<\/td>\n<\/tr>\n<tr>\n<td width=\"42\">2.1.2<\/td>\n<td width=\"379\">VERBA DE TRANSPORTE<\/td>\n<td width=\"81\">\u00a0\u00a0\u00a0\u00a0\u00a0\u00a0\u00a0\u00a0 700,00<\/td>\n<td width=\"62\">0,55%<\/td>\n<\/tr>\n<tr>\n<td width=\"42\">2.2.3<\/td>\n<td width=\"379\">MATERIAL PROMOCIONAL<\/td>\n<td width=\"81\">\u00a0\u00a0\u00a0\u00a0\u00a0\u00a0 5.000,00<\/td>\n<td width=\"62\">3,96%<\/td>\n<\/tr>\n<tr>\n<td width=\"42\">2.1.3<\/td>\n<td width=\"379\">INTERNET<\/td>\n<td width=\"81\"><\/td>\n<td width=\"62\">0,00%<\/td>\n<\/tr>\n<tr>\n<td width=\"42\">2.2.4<\/td>\n<td width=\"379\">PROMO\u00c7\u00d5ES\/PROPAGANDA<\/td>\n<td width=\"81\">\u00a0\u00a0\u00a0\u00a0\u00a0\u00a0 2.000,00<\/td>\n<td width=\"62\">1,79%<\/td>\n<\/tr>\n<tr>\n<td width=\"42\">2.1.4<\/td>\n<td width=\"379\">SERVI\u00c7O PRESTADO<\/td>\n<td width=\"81\">\u00a0\u00a0\u00a0\u00a0\u00a0\u00a0 2.000,00<\/td>\n<td width=\"62\">1,79%<\/td>\n<\/tr>\n<tr>\n<td width=\"42\">2.2.5<\/td>\n<td width=\"379\">M\u00d3VEIS E EQUIPAMENTO<\/td>\n<td width=\"81\">\u00a0\u00a0\u00a0\u00a0\u00a0\u00a0 3.000,00<\/td>\n<td width=\"62\">2,38%<\/td>\n<\/tr>\n<tr>\n<td width=\"42\"><strong>2.2.<\/strong><\/td>\n<td width=\"379\"><strong>MISS\u00d5ES<\/strong><\/td>\n<td width=\"81\"><\/td>\n<td width=\"62\"><\/td>\n<\/tr>\n<tr>\n<td width=\"42\">2.3.1<\/td>\n<td width=\"379\">PROJETO MUTESMI ( MUTIR\u00c3O ESTADUAL MISSION\u00c1RIO)<\/td>\n<td width=\"81\">\u00a0\u00a0\u00a0\u00a0 55.000,00<\/td>\n<td width=\"62\">43,65%<\/td>\n<\/tr>\n<tr>\n<td width=\"42\">2.3.2<\/td>\n<td width=\"379\">VIAGEM INTERNA DO ESTADO<\/td>\n<td width=\"81\">\u00a0\u00a0\u00a0\u00a0\u00a0\u00a0 6.000,00<\/td>\n<td width=\"62\">4,76%<\/td>\n<\/tr>\n<tr>\n<td width=\"42\">2.3.3<\/td>\n<td width=\"379\">VIAGEM EXTERNA DO ESTADO<\/td>\n<td width=\"81\">\u00a0\u00a0\u00a0\u00a0\u00a0\u00a0 5.000,00<\/td>\n<td width=\"62\">3,96%<\/td>\n<\/tr>\n<tr>\n<td width=\"42\">2.3.4<\/td>\n<td width=\"379\">VERBA DE TRANSPORTE<\/td>\n<td width=\"81\">\u00a0\u00a0\u00a0\u00a0\u00a0\u00a0 2.000,00<\/td>\n<td width=\"62\">1,58%<\/td>\n<\/tr>\n<tr>\n<td width=\"42\">2.3.5<\/td>\n<td width=\"379\">OFERTAS DESIGNADAS<\/td>\n<td width=\"81\">\u00a0\u00a0\u00a0\u00a0\u00a0\u00a0 2.000,00<\/td>\n<td width=\"62\">1,58%<\/td>\n<\/tr>\n<tr>\n<td width=\"42\">2.3.6<\/td>\n<td width=\"379\">SOCIEDADE MISSION\u00c1RIA DE HOMENS<\/td>\n<td width=\"81\">\u00a0\u00a0\u00a0\u00a0\u00a0\u00a0 4.000,00<\/td>\n<td width=\"62\">3,17%<\/td>\n<\/tr>\n<tr>\n<td width=\"42\">2.3.7<\/td>\n<td width=\"379\">EMBAIXADORES DO REI<\/td>\n<td width=\"81\">\u00a0\u00a0\u00a0\u00a0\u00a0\u00a0 6.000,00<\/td>\n<td width=\"62\">4,76%<\/td>\n<\/tr>\n<tr>\n<td width=\"42\">2.3.8<\/td>\n<td width=\"379\">OFERTAS MUNAMI<\/td>\n<td width=\"81\">\u00a0\u00a0\u00a0\u00a0\u00a0\u00a0 6.000,00<\/td>\n<td width=\"62\">4,76%<\/td>\n<\/tr>\n<tr>\n<td width=\"42\"><strong>2.3.<\/strong><\/td>\n<td width=\"379\"><strong>FIXAS COM PESSOAL<\/strong><\/td>\n<td width=\"81\"><\/td>\n<td width=\"62\"><\/td>\n<\/tr>\n<tr>\n<td width=\"42\">2.3.1<\/td>\n<td width=\"379\">DIRETOR EXECUTIVO<\/td>\n<td width=\"81\">\u00a0\u00a0\u00a0\u00a0 10.800,00<\/td>\n<td width=\"62\">8,57%<\/td>\n<\/tr>\n<tr>\n<td width=\"42\"><strong>3.0<\/strong><\/td>\n<td width=\"379\"><strong>REPRESENTATIVIDADE<\/strong><\/td>\n<td width=\"81\"><\/td>\n<td width=\"62\"><\/td>\n<\/tr>\n<tr>\n<td width=\"42\">3.1<\/td>\n<td width=\"379\">PRESIDENTE<\/td>\n<td width=\"81\">\u00a0\u00a0\u00a0\u00a0\u00a0\u00a0 8.000,00<\/td>\n<td width=\"62\">6,35%<\/td>\n<\/tr>\n<tr>\n<td width=\"42\">3.2<\/td>\n<td width=\"379\">EXECUTIVO<\/td>\n<td width=\"81\">\u00a04.000,00<\/td>\n<td width=\"62\">3,17%<\/td>\n<\/tr>\n<tr>\n<td width=\"42\"><strong>4.0<\/strong><\/td>\n<td width=\"379\"><strong>FUNDO DE RESERVA<\/strong><\/td>\n<td width=\"81\">\u00a0\u00a0\u00a0\u00a0\u00a0\u00a0 3.900,00<\/td>\n<td width=\"62\">3,09%<\/td>\n<\/tr>\n<tr>\n<td width=\"42\"><\/td>\n<td width=\"379\"><\/td>\n<td width=\"81\">\u00a0\u00a0 126.000,00<\/td>\n<td width=\"62\">100,00%<\/td>\n<\/tr>\n<tr>\n<td width=\"42\"><\/td>\n<td width=\"379\"><\/td>\n<td width=\"81\"><\/td>\n<td width=\"62\"><\/td>\n<\/tr>\n<tr>\n<td width=\"42\"><\/td>\n<td width=\"379\"><\/td>\n<td width=\"81\"><\/td>\n<td width=\"62\"><\/td>\n<\/tr>\n<tr>\n<td colspan=\"4\" width=\"564\">Luis Bernardo E dos Santos\u00a0\u00a0\u00a0\u00a0\u00a0\u00a0\u00a0\u00a0\u00a0\u00a0\u00a0\u00a0\u00a0\u00a0\u00a0\u00a0\u00a0\u00a0\u00a0\u00a0\u00a0\u00a0\u00a0\u00a0\u00a0\u00a0\u00a0\u00a0\u00a0\u00a0\u00a0\u00a0 Tiago Tadeu Melo Costa<\/td>\n<\/tr>\n<tr>\n<td colspan=\"4\" width=\"564\">\u00a0\u00a0\u00a0\u00a0\u00a0\u00a0\u00a0\u00a0 Presidente\u00a0\u00a0\u00a0\u00a0\u00a0\u00a0\u00a0\u00a0\u00a0\u00a0\u00a0\u00a0\u00a0\u00a0\u00a0\u00a0\u00a0\u00a0\u00a0\u00a0\u00a0\u00a0\u00a0\u00a0\u00a0\u00a0\u00a0\u00a0\u00a0\u00a0\u00a0\u00a0\u00a0\u00a0\u00a0\u00a0\u00a0\u00a0\u00a0\u00a0\u00a0\u00a0\u00a0\u00a0\u00a0\u00a0\u00a0\u00a0\u00a0\u00a0\u00a0\u00a0\u00a0\u00a0\u00a0\u00a0 Diretor Executivo<\/td>\n<\/tr>\n<\/tbody>\n<\/table>\n<p style=\"text-align: center;\"><strong>Atividades Realizadas:<\/strong><\/p>\n<h3 style=\"text-align: center;\"><strong>Associa\u00e7\u00e3o GRANDE S\u00c3O LU\u00cdS<\/strong><\/h3>\n<p>&nbsp;<\/p>\n<p>O caf\u00e9 de integra\u00e7\u00e3o dos Homens Batista &#8211; \u00c9 uma programa\u00e7\u00e3o agendada e organizada pela UMHB envolvendo as duas associa\u00e7\u00f5es, grande S\u00e3o Luis e metropolitana nas igrejas Batista no hor\u00e1rio de 07:30 as 09 horas da manh\u00e3, com o prop\u00f3sito de louvar, bem dizer e engrandecer o nome do Senhor Jesus Cristo, e comunh\u00e3o e integra\u00e7\u00e3o dos homens Batista.<\/p>\n<p>Atividades Realizada e Cooperada; Culto de Integra\u00e7\u00e3o dos Homens Batista &#8211; \u00e9 outro trabalho organizado pela UMHB a cada 3 meses na igreja Batista convidada, ou a que se disponibiliza de bom grado a receber o culto, nesta atividades tamb\u00e9m \u00e9 passado aos irm\u00e3os as informa\u00e7\u00f5es sobre os projetos e objetivos a serem alcan\u00e7ados pela lideran\u00e7a da UMHB.<\/p>\n<p>Atividades Realizadas: Reuni\u00e3o da Lideran\u00e7a &#8211; A cada 02 meses \u00e9 convocado uma reuni\u00e3o da lideran\u00e7a com l\u00edderes das associa\u00e7\u00f5es, com o objetivo de tra\u00e7ar metas, organiza\u00e7\u00e3o dos caf\u00e9s, mutir\u00f5es e congressos e presta\u00e7\u00e3o de relat\u00f3rio das \u00e1reas.<\/p>\n<p>&nbsp;<\/p>\n<ul>\n<li>Atividade Cooperada; Dia Mundial de Ora\u00e7\u00e3o e testemunho do Homem Batista &#8211;<br \/>\nTodos os anos no m\u00eas de abril os homens Batista se unem em suas igrejas e congrega\u00e7\u00f5es para estarem durante todo dia levando um clamor ao Deus \u00e9 testemunhando da gra\u00e7a de Deus em sua vida.<\/li>\n<\/ul>\n<ul>\n<li>Atividade Cooperada; Projeto marcha para Cristo &#8211; Com o prop\u00f3sito de fazer o idedo Senhor a todas as na\u00e7\u00f5es, o Senhor Jesus nos deu a oportunidade de proclamar a sua palavra atrav\u00e9s dos embaixadores do rei no dia 07 de setembro, fazendo assim acontecer e a raz\u00e3o dos ERs, essa organiza\u00e7\u00e3o t\u00e3o gloriosa no nome do Senhor Jesus Cristo.<\/li>\n<li>Atividade Realizada; Congresso Estadual da UMHB &#8211; Gratid\u00e3o eterna ao senhor Jesus Cristo por permitir a realiza\u00e7\u00e3o de mais um Congresso Estadual dos Homens Batista na cidade de Bacabeira-MA, Ministra\u00e7\u00e3o da palavra de Deus em auto n\u00edvel e a presen\u00e7a do cantor \u00c1lvaro Tito.<\/li>\n<\/ul>\n<p>Congresso realizado na cidade de Bacabeira-MA<\/p>\n<ul>\n<li>Atividade Cooperada; ACAMPER \u2013 Acampamento dos Embaixadores do Rei \u2013Odepartamento de embaixadores do rei junto com a UMHB realizou em 2019 no m\u00eas de Outubro mais um acampamento no ABA, um grande momento de aprendizagem com a ministra\u00e7\u00e3o do pastor Nivaldino.<\/li>\n<\/ul>\n<p><strong>Em Cristo Jesus, <\/strong><\/p>\n<p><strong>Humberto Sousa Pinto\u2013 Presidente da UMHB da Associa\u00e7\u00e3o Grande Slz.<\/strong><strong>\u00a0<\/strong><\/p>\n<h3 style=\"text-align: center;\"><strong>Associa\u00e7\u00e3o A<\/strong><strong>lto do Turi<\/strong><strong>\u00a0<\/strong><\/h3>\n<p>Relat\u00f3rio de atividades da UMHBAT<strong><br \/>\n<\/strong><\/p>\n<p>17\/08\/2019 \u2013 Encontro com a uni\u00e3o de homens em Governador Nunes Freire. No<br \/>\nensejo foi feito uma ora\u00e7\u00e3o, leitura b\u00edblica em G\u00e1latas 2.20.<br \/>\n19\/08\/2019 \u2013 reuni\u00e3o com a uni\u00e3o de homens da primeira igreja Batista em Amap\u00e1 do<br \/>\nMaranh\u00e3o.<br \/>\n24\/08\/2019 \u2013 Mutir\u00e3o para puxar o piso em Amap\u00e1 do Maranh\u00e3o<br \/>\n14\/09\/2019 \u2013 Mutir\u00e3o de homens da igreja Batista Pr\u00edncipe da Paz em Boa Vista do<br \/>\nGurupi\/Ma. Foi dado o in\u00edcio da constru\u00e7\u00e3o da congrega\u00e7\u00e3o Batista na comunidade de<br \/>\nCol\u00f4nia Militar.<br \/>\n14\/12\/2019 \u2013 Participa\u00e7\u00e3o na festa de anivers\u00e1rio da igreja Batista em junco do<br \/>\nMaranh\u00e3o.<br \/>\n25\/01\/2020 \u2013 Mutir\u00e3o com uni\u00e3o de homens Batistas do Alto Tur\u00ed em Godofredo Viana<br \/>\npara rebocar a parede de um apartamento dormit\u00f3rio da Igreja Batista Vida Plena.<br \/>\n01\/02\/\/2020 \u2013 Mutir\u00e3o com a uni\u00e3o de homens da igreja Batista Pr\u00edncipe da Paz, em<br \/>\nCol\u00f4nia Militar, para d\u00e1 continuidade no levantamento das paredes.<\/p>\n<p><strong>Adaiton Morais Silva \u2013 Presidente da UMHB da Associa\u00e7\u00e3o Alto do Turi<\/strong><strong>\u00a0<\/strong><\/p>\n<h3 style=\"text-align: center;\"><strong>Associa\u00e7\u00e3o Len\u00e7ois<\/strong><\/h3>\n<p>&#x263a;I Acampamento da Uni\u00e3o Mission\u00e1ria de Homens Batista dos Len\u00e7\u00f3is<br \/>\nMaranhenses \u2013 UMHBALEM:<br \/>\n\u00d8Data: 06 07 e 08 de setembro de 2018<br \/>\n\u00d8Local: PIB em Rio Grande no Munic\u00edpio de Santo Amaro-MA:<\/p>\n<p>&#x263a;II acampamento da Uni\u00e3o Mission\u00e1ria de Homens Batista dos Len\u00e7\u00f3is<br \/>\nMaranhenses \u2013 UMHBALEM:<br \/>\n\u00d8Data: 06 e 07 de setembro de 2019<br \/>\n\u00d8Local: Igreja Memorial de Jesus Cristo em Santa Clara Munic\u00edpio deHumberto de Campos-MA.<br \/>\n\u00d8Tema: Homens chamados para fora<\/p>\n<p>&#x263a;Visitas em algumas Igrejas<br \/>\n\u00d8PIB em Tutoia-MA;<br \/>\n\u00d8PIB em \u00c1gua Doce-MA;<br \/>\n\u00d8CB em Residencial Brasil &#8211; Barreirinhas-MA<br \/>\n\u00d8PIB em vila Moreira \u2013 Humberto de Campos-MA;<br \/>\n\u00d8IB em Santa Clara \u2013 Humberto de Campos-MA;<br \/>\n\u00d8PIB em Celeiro de Deus \u2013 Humberto de Campos-MA;<\/p>\n<p>&#x263a;Organiza\u00e7\u00e3o da SMHB:<br \/>\n\u00d8Organiza\u00e7\u00e3o da SMHB PIB Paulino Neves-MA;<\/p>\n<p>&#x263a;Participa\u00e7\u00e3o no 14\u00ba congresso da UHMB do Estado do Maranh\u00e3o onde<br \/>\neu fui relator da comiss\u00e3o do local do 15\u00ba congresso e membro da<br \/>\ncomiss\u00e3o de esporte e recrea\u00e7\u00e3o<\/p>\n<p>&#x263a;Est\u00e1 programado para setembro o III acampamento da Uni\u00e3o<strong><br \/>\n<\/strong>Mission\u00e1ria de Homens Batista dos Len\u00e7\u00f3is Maranhenses \u2013<br \/>\nUMHBALEM em Rampa Munic\u00edpio de Humberto de Campos-MA.Em Cristo Jesus,<\/p>\n<p><strong>Ir. Dejalma Pereira da Silva \u2013 Presidente da UMHB da Associa\u00e7\u00e3o dos Len\u00e7ois Maranhenses.<\/strong><strong>\u00a0<\/strong><\/p>\n<h3 style=\"text-align: center;\"><strong>Associa\u00e7\u00e3o Metropolitana<\/strong><\/h3>\n<ul>\n<li>Visita as Organiza\u00e7\u00f5es:<\/li>\n<\/ul>\n<p>I.B.Bel\u00e9m, i.B.Esmirna, I.B.ElShaday, I.B.Eben\u00e9zer, I.B.Reconcilia\u00e7\u00e3o, i.B.Palavra da<strong><br \/>\n<\/strong>Vida, I.B.Emanuel, I.B. da Alemanha, I.B.Fonte de Vida, I.B.Luz e Vida, I.B.do<strong><br \/>\n<\/strong>Ara\u00e7agy\/com SHB \u00e0 ser org., I.B.Bereana\/Areinha, I.B.Bet\u00e2nia, I.B. do Calv\u00e1rio,<strong><br \/>\n<\/strong>I.B.celebrai, I.B.Corpi e Fam\u00edlia, I.B.cordeiro de Deus, I.B. do Coroadinho, I.B.Ebenezer,<strong><br \/>\n<\/strong>I.B.ElShadai, I.B.Elioenai, I.B.Emanoel, I. B.Esperan\u00e7a e Vida, I.B. do Farol, I.B.Gileade,<strong><br \/>\n<\/strong>I.B.Hermon, I.B.kerigma, I.B.MonteHorebe, I.B.Monte Sinai\/Tibiri, I.B.Nova<strong><br \/>\n<\/strong>Esperan\u00e7a\/com SHB \u00e0 ser org., I.B.Nova Jerusal\u00e9m, I.B.Novo Alvorecer, I.B.Novo Dia,<strong><br \/>\n<\/strong>I.B. do Olho d&#8217;\u00c1gua, I.B.Shalon, I.B.Tabern\u00e1culo, P.I.B.Pq. Vit\u00f3ria, P.I.B. Raposa, P.I.B.<strong><br \/>\n<\/strong>Sacav\u00e9m, S.I.B. S\u00e3o Luiz, totalizando 40 igrejas visitadas.<strong><br \/>\n<\/strong><\/p>\n<p>Participa\u00e7\u00e3o quase efetiva nos caf\u00e9s organizados pelas duas Associa\u00e7\u00f5es da Ilha de S\u00e3o<\/p>\n<p>Luiz e tamb\u00e9m nos cultos de Integra\u00e7\u00e3o.<strong><br \/>\n<\/strong><\/p>\n<p>Participa\u00e7\u00e3ono MUTESMI, na reforma e constru\u00e7\u00f5es de<strong><br \/>\n<\/strong>algumas casas e igrejas.<\/p>\n<p>Representamos a UMHB\/MA., na Assembleia realizada em<strong><br \/>\n<\/strong>Verona\/Buriticupu.<\/p>\n<p>Representei a UMHB\/MA., no anivers\u00e1rio de funda\u00e7\u00e3o da P.I.B. de<strong><br \/>\n<\/strong>Godofredo Viana que completou nove anos e tamb\u00e9m no anivers\u00e1rio de 42 anos da<strong><br \/>\n<\/strong> da S.I.B. em S\u00e3o Luiz.<\/p>\n<p>Estive representado pelo irm\u00e3o RODRIGO\/SECRET\u00c1RIO,<strong><br \/>\n<\/strong>no Congresso dos Homens Batistas realizado em Bacabeira.<strong>\u00a0<\/strong><\/p>\n<p><strong>Romero \u2013 Presidente da UMHB da Associa\u00e7\u00e3o Metropolitana<\/strong><strong>\u00a0<\/strong><\/p>\n<h3 style=\"text-align: center;\"><strong>Associa\u00e7\u00e3o Cocais<\/strong><strong>\u00a0<\/strong><\/h3>\n<p><strong>&#8211; <\/strong>Reuni\u00e3o em Afonso Cunha em 04\/04\/19, tratando da constru\u00e7\u00e3o do templo.<\/p>\n<p>&#8211; Participa\u00e7\u00e3o da 20\u00aa Assembl\u00e9ia da Associa\u00e7\u00e3o dos Cocais e do 13\u00ba Congresso Geral das Organiza\u00e7\u00f5es da referida associa\u00e7\u00e3o, realizados em Caxias-MA de 12 a 14 de Abril\/2019.<\/p>\n<p>&#8211; Visita a Afonso Cunha, tratando dos detalhes burocr\u00e1ticos para a constru\u00e7\u00e3o do templo; prepara\u00e7\u00e3o dos documentos; conversa com o prefeito juntamente com o Pr Reginaldo. Gra\u00e7as a Deus no mesmo dia, 17\/04\/19 obtivemos toda a documenta\u00e7\u00e3o necess\u00e1ria.<\/p>\n<p>&#8211; Participa\u00e7\u00e3o na Assembleia Geral da CBB em Natal, de 21 a 30\/04\/2019.<\/p>\n<p>&#8211; Em 04\/05\/2019, estive no povoado Loiola.<\/p>\n<p>&#8211; Culto em homenagem a todas as M\u00e3es da PIB em Coelho Neto<\/p>\n<p>&#8211; Em 25\/05\/2019, estive em Afonso Cunha e no Povoado Loiola.<\/p>\n<p>&#8211; De 27 a 30\/05\/2019, participei da constru\u00e7\u00e3o do templo em Afonso Cunha<\/p>\n<p>&#8211; No dia 01\/06\/2019, acompanhei uma equipe de mission\u00e1rios americanos na cidade de Duque Bacelar, local onde os mesmos constru\u00edram um templo.<\/p>\n<p>&#8211; Em 02\/06\/2019 acompanhei o Pr. Marcelo numa viagem a S\u00e3o Luis para a aquisi\u00e7\u00e3o de materiais para o templo em Afonso Cunha.<\/p>\n<p>&#8211; De 03 a 07\/06\/2019, fizemos a conclus\u00e3o e inaugura\u00e7\u00e3o do templo em Afonso Cunha.<\/p>\n<p>&#8211; Participa\u00e7\u00e3o no treinamento promovido pelos mission\u00e1rios americanos na PIB de Caxias, em 08\/06\/2019.<\/p>\n<p>Ap\u00f3s todo o per\u00edodo de trabalho acima apresentado, infelizmente sofri um acidente de moto e por este motivo estou sob cuidados m\u00e9dicos at\u00e9 o presente momento, tendo, ap\u00f3s o acidente participado apenas do Congresso Multiplique em Cod\u00f3 e de uma reuni\u00e3o do Conselho da Associa\u00e7\u00e3o dos Cocais em Caxias.<\/p>\n<p>Em Cristo Jesus,<\/p>\n<p><strong>Raimundo Gomes \u2013 Presidente da UMHB Associa\u00e7\u00e3o dos Cocais.<\/strong><\/p>\n<h3 style=\"text-align: center;\"><strong>RELAT\u00d3RIO DE ATIVIDADES DA DIRETORIA ESTADUAL<\/strong><strong>\u00a0<\/strong><\/h3>\n<p><strong>Participa\u00e7\u00e3o da Uni\u00e3o Mission\u00e1ria de Homens Batista no anivers\u00e1rio da Igreja Batista Vida Plena em Godofredo Viana (Igreja Constru\u00edda atrav\u00e9s do MUNAMI em 2011)<\/strong><\/p>\n<p><strong>Irm\u00e3o Romero enviado como representante.<\/strong><strong>\u00a0<\/strong><\/p>\n<p><strong>Participa\u00e7\u00e3o da Uni\u00e3o Mission\u00e1ria de Homens Batista no 2\u00ba Acampamento da UMHB dos LEN\u00c7OIS MAem Humberto de Campos.<\/strong><strong>\u00a0<\/strong><\/p>\n<p><strong>Culto de A\u00e7\u00e3o de Gra\u00e7a na Segunda Igreja Batista de S\u00e3o Luis em alus\u00e3o aos 54 anos da primeira SHB-MA<\/strong><strong>\u00a0<\/strong><\/p>\n<h3><strong>CICER \u2013 Curso de Conselheiro de Embaixador do Rei<\/strong><\/h3>\n<p><strong>Local: Igreja Batista Monte Sinai \u2013 Pa\u00e7o do Lumiar.<\/strong><\/p>\n<p><strong>11 participantes<\/strong><strong>\u00a0<\/strong><\/p>\n<h3><strong>5\u00ba SAL da ACERNE \u2013 Recife-PE<\/strong><\/h3>\n<p><strong>11 participantes<\/strong><\/p>\n<p><strong>6 Igrejas Representadas<\/strong><\/p>\n<p><strong>3 Associa\u00e7\u00f5es Representadas<\/strong><strong>\u00a0<\/strong><\/p>\n<h3><strong>Comemora\u00e7\u00e3o 71\u00ba Aniver ER no Brasil \u2013 ABA \u2013 Ilha de S\u00e3o Luis<\/strong><strong>\u00a0<\/strong><\/h3>\n<h3><strong>Desfile na Semana da P\u00e1tria \u2013 S\u00e3o Luis MA<\/strong><\/h3>\n<p><strong>40 ER participantes<\/strong><\/p>\n<p><strong>10 CER e Lideres<\/strong><\/p>\n<p><strong>7 Igrejas Representadas<\/strong><\/p>\n<p><strong>2 Associa\u00e7\u00f5es Representadas<\/strong><\/p>\n<h3><strong>60\u00ba Anivers\u00e1rio dos ER no Maranh\u00e3o &#8211; SIB de S\u00e3o Luis<\/strong><\/h3>\n<p><strong>30 ER participantes<\/strong><\/p>\n<p><strong>6 CER e Lideres<\/strong><\/p>\n<p><strong>3 Igrejas Representadas<\/strong><\/p>\n<p><strong>2 Associa\u00e7\u00f5es Representadas<\/strong><strong>\u00a0<\/strong><\/p>\n<h3><strong>ACAMPER<\/strong><\/h3>\n<p><strong>Acampamento dos Embaixadores do Rei no ABA.<\/strong><\/p>\n<p><strong>200 ER participantes<\/strong><\/p>\n<p><strong>20 CER e Lideres<\/strong><\/p>\n<p><strong>16 Igrejas Representadas<\/strong><\/p>\n<p><strong>4 Associa\u00e7\u00f5es Representadas<\/strong><\/p>\n<p><strong>1 Orador Oficial do Rio de Janeiro<\/strong><\/p>\n<p><strong>1 Preletor Local de S\u00e3o Luis.<\/strong><\/p>\n<p><strong>3 Representantes da UMHBMA estiveram presente.<\/strong><strong>\u00a0<\/strong><\/p>\n<p><strong>Reuni\u00e3o de Planejamento das Atividades a n\u00edvel estadual da UMHBAMA<\/strong><strong>\u00a0<\/strong><\/p>\n<p><strong>Representa\u00e7\u00e3o da Presidencia da UMHBMA em cultos e palestras nas Igrejas Batistas e na C\u00e2mara Municipal:<\/strong><strong>\u00a0<\/strong><\/p>\n<ul>\n<li><strong>Igreja Batista Nova Jerusal\u00e9m<\/strong><\/li>\n<li><strong>PIB Sacav\u00e9m<\/strong><\/li>\n<li><strong>PIB em Jardim Ara\u00e7agy<\/strong><\/li>\n<li><strong>Igreja Batista Emanuel<\/strong><\/li>\n<li><strong>Igreja Batista Monte Sinai\/Tibiri<\/strong><\/li>\n<li><strong>Congre\u00e7\u00e3o Batista Renascer<\/strong><\/li>\n<li><strong>Igreja Batista Alian\u00e7a\/Vila Embratel<\/strong><\/li>\n<li><strong>C\u00e2mara Municipal de S\u00e3o Luis<\/strong><\/li>\n<\/ul>\n<p>No dia 08 de fevereiro de 2020, a UMHBMA, na pessoa do irm\u00e3o Roberto Jardim, realizou uma palestra de consolida\u00e7\u00e3o do trabalho da referida entidade na regi\u00e3o do Alto do Turi, por ocasi\u00e3o do 10\u00b0 anivers\u00e1rio da PIB de SANTA LUZIA DO PARU\u00c1. Na oportunidade tivemos um total de 40 homens e 7 embaixadores do Rei, com 05 igrejas representadas da pr\u00f3pria regi\u00e3o:<\/p>\n<ul>\n<li><strong>SANTA LUZIA DO PARU\u00c1<\/strong><\/li>\n<li><strong>PIB DE ROS\u00c1RIO &#8211; MUNIM<\/strong><\/li>\n<li><strong>JUNCO DO MARANH\u00c3O<\/strong><\/li>\n<li><strong>PIB EM MARANHAOZINHO<\/strong><\/li>\n<li><strong>PIB EM GOVERNADOR NUNES FREIRE.<\/strong><\/li>\n<\/ul>\n<p><strong><u>METAS PARA ANO CONVENCIONAL \u2013 2020<\/u><\/strong><\/p>\n<ul>\n<li>VISITA AS OBRAS E CONSTRU\u00c7\u00d5ES REALIZADAS PELA UMHB-MA EM TODO O ESTADO.<\/li>\n<li>AMPLIA\u00c7\u00c3O DA LIVRARIA DA UMHB-MA<\/li>\n<li>REALIZAR A\u00c7\u00d5ES QUE AUMENTEM AS SMHB\u2019S NO ESTADO<\/li>\n<li>CRIA\u00c7\u00c3O DE MECANISMO DE COMUNICA\u00c7\u00c3O COM A LIDERAN\u00c7A EM CAMPO<\/li>\n<li>MELHORIA NA ESTRUTURA F\u00cdSICA DO ESCRIT\u00d3RIO DA UMHB-MA<\/li>\n<li>APERFEI\u00c7OAMENTO DOS RELAT\u00d3RIOS DAS COORDENA\u00c7\u00d5ES<\/li>\n<li>PADRONIZA\u00c7\u00c3O DOS UNIFORMES PARA SMHB\u2019S E E.R<\/li>\n<li>PROJETO ESPERAN\u00c7A EM GODOFREDO VIANA<\/li>\n<li>PARTICIPA\u00c7\u00c3O E PROMO\u00c7\u00c3O DOS CONGRESSOS ASSOCIACIONAIS<\/li>\n<li>REALIZAR REUNI\u00d5ES TRIMESTRAIS COM TODA A LIDERAN\u00c7A<\/li>\n<li>CRIA\u00c7\u00c3O DO ESTATUTO DO MUTESMI<\/li>\n<li>PUBLICA\u00c7\u00c3O DAS ATIVIDADES DO NOSSO ESTADO NA REVISTA DO HOMEM BATISTA E NO JORNAL BATISTA.<\/li>\n<\/ul>\n<p>&nbsp;<\/p>\n<a href=\"https:\/\/batista-ma.org.br\/wp-content\/uploads\/2020\/03\/Relatorio-Entre-Datas-Abril-19-a-Dezembro-19.pdf\" class=\"pdfemb-viewer\" style=\"\" data-width=\"max\" data-height=\"max\" data-toolbar=\"bottom\" data-toolbar-fixed=\"on\">Relatorio Entre Datas ( Abril 19 a Dezembro 19)<\/a>\n<p><img loading=\"lazy\" decoding=\"async\" class=\"aligncenter wp-image-2254 size-full\" src=\"https:\/\/batista-ma.org.br\/wp-content\/uploads\/2020\/02\/BANER-TRANPARENCIA-2020-1.jpg\" alt=\"\" width=\"300\" height=\"50\" \/><\/p>\n<p>&nbsp;<\/p>\n<p>&nbsp;<\/p>\n<p>&nbsp;<\/p>\n<p>&nbsp;<\/p>\n<p>&nbsp;<\/p>\n<p>&nbsp;<\/p>\n<p>&nbsp;<\/p>\n<p>&nbsp;<\/p>\n<p>&nbsp;<\/p>\n<p>&nbsp;<\/p>\n<p>&nbsp;<\/p>\n<p>&nbsp;<\/p>\n<p>&nbsp;<\/p>\n<p>&nbsp;<\/p>\n<p>&nbsp;<\/p>\n","protected":false},"excerpt":{"rendered":"<p>&nbsp; &nbsp; &nbsp; SEMINARISTA LUIS BERNARDO EVANGELISTA DOS SANTOS PRESIDENTE DA UNI\u00c3O MISSION\u00c1RIA DE HOMENS BATISTA MARANHENSE Gra\u00e7a e paz meus queridos\u00a0irm\u00e3os homens Batista do Maranh\u00e3o.\u00a0Trago como inspira\u00e7\u00e3o\u00a0o texto que se encontra no livro de Neemias 4:14,19,20. &#8220;Fiz uma r\u00e1pida\u00a0inspe\u00e7\u00e3o e\u00a0imediatamente disse aos nobre, aos oficiais\u00a0e ao restante do povo: n\u00e3o tenham medo deles, lembrem-se [&hellip;]<\/p>\n","protected":false},"author":2,"featured_media":0,"parent":0,"menu_order":0,"comment_status":"closed","ping_status":"closed","template":"","meta":{"_themeisle_gutenberg_block_has_review":false,"footnotes":""},"class_list":["post-2526","page","type-page","status-publish"],"_links":{"self":[{"href":"https:\/\/batista-ma.org.br\/index.php?rest_route=\/wp\/v2\/pages\/2526"}],"collection":[{"href":"https:\/\/batista-ma.org.br\/index.php?rest_route=\/wp\/v2\/pages"}],"about":[{"href":"https:\/\/batista-ma.org.br\/index.php?rest_route=\/wp\/v2\/types\/page"}],"author":[{"embeddable":true,"href":"https:\/\/batista-ma.org.br\/index.php?rest_route=\/wp\/v2\/users\/2"}],"replies":[{"embeddable":true,"href":"https:\/\/batista-ma.org.br\/index.php?rest_route=%2Fwp%2Fv2%2Fcomments&post=2526"}],"version-history":[{"count":12,"href":"https:\/\/batista-ma.org.br\/index.php?rest_route=\/wp\/v2\/pages\/2526\/revisions"}],"predecessor-version":[{"id":2922,"href":"https:\/\/batista-ma.org.br\/index.php?rest_route=\/wp\/v2\/pages\/2526\/revisions\/2922"}],"wp:attachment":[{"href":"https:\/\/batista-ma.org.br\/index.php?rest_route=%2Fwp%2Fv2%2Fmedia&parent=2526"}],"curies":[{"name":"wp","href":"https:\/\/api.w.org\/{rel}","templated":true}]}}