{"id":2523,"date":"2020-03-02T15:33:23","date_gmt":"2020-03-02T18:33:23","guid":{"rendered":"http:\/\/batista-ma.org.br\/?page_id=2523"},"modified":"2020-03-20T16:27:20","modified_gmt":"2020-03-20T19:27:20","slug":"mcm-relatorio-2019","status":"publish","type":"page","link":"https:\/\/batista-ma.org.br\/?page_id=2523","title":{"rendered":"MCM- RELAT\u00d3RIO &#8211; 2019"},"content":{"rendered":"<h2 style=\"text-align: center;\"><strong>Relat\u00f3rio de atividades\u00a0<\/strong><\/h2>\n<h4 style=\"text-align: center;\"><strong>\u00a0Janeiro2019 a Dezembro2019<\/strong><\/h4>\n<h4><strong>4. Atividades Realizadas de Janeiro a dezembro de 2019 <\/strong><\/h4>\n<p><strong>4.1 Assembleia e congresso<\/strong><\/p>\n<p><strong>23\/fevereiro\/19 <\/strong>\u2013 Assembleia Extraordin\u00e1ria \/Col\u00e9gio Batista<\/p>\n<p><strong>12 e 13\/abril\/19 <\/strong>\u2013 <strong>Assembleia da Associa\u00e7\u00e3o dos Cocais<\/strong>&#8211; PIB CAXIAS\/ Cleide K e Tania B.<\/p>\n<p><strong>24 \/abril\/19<\/strong>\u2013 Representa\u00e7\u00e3o na Assembleia Inspirativa da UFMBB em Natal. Tania B, Rosangela e Cleide.<\/p>\n<p><strong>25 a 28\/abril\/19<\/strong>&#8211; Representa\u00e7\u00e3o na Assembleia da CBB.<\/p>\n<p><strong>14 \/junho\/19<\/strong>\u201326\u00ba <strong>Assembleia da Associa\u00e7\u00e3o do Munim<\/strong>, na PIB de Bacabeira\/Tania B e Rosangela Duarte.<\/p>\n<p><strong>21\/junho\/19<\/strong>&#8211; <strong>Congresso Da UMHBMA<\/strong> em Bacabeira \/ Tania B, Rosangela Duarte, Cleide K.<\/p>\n<p><strong>11\/julho\/19<\/strong> &#8211; <strong>Assembleia da UFMBMA<\/strong> \u2013 manh\u00e3 e tarde. Oradora: Educadora Antonia S. Barros \u2013 Genilza Presidente da UFMB Sul Maranhense; <strong>local: Col\u00e9gio Batista<\/strong> Daniel de L\u00e1 Touche.<\/p>\n<p><strong>11\/julho\/19<\/strong> \u2013 Abertura anoite da Assembleia da CBM<\/p>\n<p><strong>18 a 20\/Outubro\/19<\/strong>&#8211; UFMBB Mais Perto de Voc\u00ea em Imperatriz com boa representa\u00e7\u00e3o das mulheres (44)<\/p>\n<p><strong>15 a 17\/Novembro\/19<\/strong> \u2013 Congresso estadual em Pinheiro-Ma, realizado no IFMA com 640 inscri\u00e7\u00f5es e aproximadamente1200 pessoas presentes. Agradecemos aos pastores colaboradores, pr. Juli\u00e3o-Assoc. Metropolitana, PR Linhares-CBM, PR Aquiles Valente-Presidente da CBM, Pr. Francisco-PIB Pinheiro, PR Fernandes-Assoc. Alto Turi, Irm\u00e3o Z\u00e9 Maria, Virna-Jubama e tantos outros irm\u00e3os que muito contribu\u00edram conosco neste congresso, nossa gratid\u00e3o a cada mulher que se empenhou em estar celebrando e aprendendo com este tema maravilhoso EU JESUS E O ESPELHO, nossa oradora foi a irm\u00e3 Elizete Fragoso, tenho certeza que muitas vidas foram edificadas.<\/p>\n<p><strong>4.2 Comemora\u00e7\u00f5es e outros<\/strong><\/p>\n<p><strong>06\/janeiro\/19<\/strong> Ora\u00e7\u00e3o e testemunho (\u00e1rea Itaqui Bacanga) na Igreja B Bet\u00e2nia.<\/p>\n<p><strong>10\/fevereiro\/19<\/strong> \u00eanfase em MCM Jovem I B Celestial \/ Tania B<\/p>\n<p><strong>17\/fevereiro\/19<\/strong> \u00eanfase em fortalecer MCM Jovem I B Celestial<\/p>\n<p><strong>09\/mar\u00e7o\/19<\/strong> Cong. Batista \u00c1gua Viva- Comemora\u00e7\u00e3o ao dia da mulher \/ Rosangela Duarte e Tania B<\/p>\n<p><strong>22\/ mar\u00e7o\/19<\/strong> &#8211; Visita a IB Monte Sinai- local do dia de Ora\u00e7\u00e3o \/Cleide K, Rosangela Duarte e Tania B<\/p>\n<p><strong>29\/Junho\/19<\/strong> \u2013 Ch\u00e1 da Tarde- Igreja Batista Si\u00e3o- Cleide K<\/p>\n<p><strong>27\/Julho\/19<\/strong> \u2013 Encontro de MR \u00c1rea 1 \u2013 Igreja Batista Shalon\/ Eleonildes Tavares<\/p>\n<p><strong>05\/agosto\/19<\/strong> \u2013 2\u00aa visita ao local do congresso de MCM<\/p>\n<p><strong>08\/Agosto\/19<\/strong> \u2013 Homologa\u00e7\u00e3o da Coordenadora da UFMB Associa\u00e7\u00e3o Grande S\u00e3o Lu\u00eds<\/p>\n<p><strong>09\/novembro\/19<\/strong> \u2013 Tarde de Ora\u00e7\u00e3o Mundial. IB Monte Horebe. Cleide Kalil<\/p>\n<p><strong>07\/dezembro\/19<\/strong> \u2013 Encontro da \u00c1rea 1 \u2013 nova diretoria para 2020 &#8211; na IB Celebrai\/Cleide, Eleonildes, Rosangela e Maria Rosa<\/p>\n<p><strong>4.3 Anivers\u00e1rio<\/strong><\/p>\n<p>26\/Janeiro\/19 MCM &#8211; IB Raiz de Davi\/Cleide Kalil<\/p>\n<p>09\/mar\u00e7o\/19 MCM &#8211; IB Betesda\/ Cleide Kalil<\/p>\n<p>30\/mar\u00e7o\/19 &#8211; MCM IB Betesda- Raposa\/ Rosangela Duarte e Tania B<\/p>\n<p>14\/abril\/19 -25 anos de MCM \/ Igreja Batista Memorial do Cohatrac\/ Rosangela Duarte<\/p>\n<p>27\/julho\/19 \u2013 MCM \/ IB Centen\u00e1rio Vila Nova Republica-Maracan\u00e3 Cleide Kalil<\/p>\n<p>27\/julho\/19 \u2013 MR \/ PIB Cachoeira Grande \/ Rosangela Duarte<\/p>\n<p>10\/agosto\/19 \u2013 03 ano MCM \/ IB Nova Alian\u00e7a em Cristo- Vila dos Frades<\/p>\n<p>23\/agosto\/19 \u2013 <strong>ASSEP e mulheres em lideran\u00e7a &#8211; Fazendinha<\/strong><\/p>\n<p>24\/agosto\/19 \u2013 MCM \/ PIB Divin\u00e9ia \/ Cleide Kalil<\/p>\n<p>15\/Setembro\/19 \u2013 MCM\/ IB Reconcilia\u00e7\u00e3o- Ribamar<\/p>\n<p>05\/Outubro\/19 \u2013 MCM \/ IB Shalon Bequim\u00e3o\/Eleonildes Tavares<\/p>\n<p>23\/novembro\/19 \u2013 MCM \/ IB Celestial \/ Eleonildes Tavares e Rosangela Duarte<\/p>\n<p>30\/novembro\/19 &#8211; MCM \/ PIB Morros \/ Rosangela Duarte<\/p>\n<p>15\/Dezembro\/19 \u2013 MCM \/ Uni\u00e3o em Cristo \/ Rosangela e Tania<\/p>\n<p><strong>4.4 Oficializa\u00e7\u00e3o e Capacita\u00e7\u00e3o<\/strong><\/p>\n<p>05\/Capacita\u00e7\u00e3o de MCM na Igreja Batista Eben\u00e9zer &#8211; Vila Itamar 15hs<\/p>\n<p>12\/janeiro\/19-Capacita\u00e7\u00e3o de MR na Igreja Batista Eben\u00e9zer-Vila Itamar 15hs<\/p>\n<p>*Capacita\u00e7\u00e3o em S\u00e3o Bernardo\/ Associa\u00e7\u00e3o do Munim<\/p>\n<p>16\/fevereiro\/19-Capacita\u00e7\u00e3o de MCM Cong. B Esperan\u00e7a de Israel-S\u00e1 Viana<\/p>\n<p>14\/ mar\u00e7o\/19 &#8211; Capacita\u00e7\u00e3o de MCM-IB Gileade<\/p>\n<p>16\/ mar\u00e7o\/19 <strong>&#8211; <\/strong>Capacita\u00e7\u00e3o de MCM-Congrega\u00e7\u00e3o Palavra da vida<\/p>\n<p>31\/mar\u00e7o\/19 Capacita\u00e7\u00e3o de EBD- IB Lima Verde<\/p>\n<ul>\n<li><strong>Acampamentos<\/strong><\/li>\n<\/ul>\n<p>29 e 30\/mar\u00e7o\/19 &#8211; Retiro das Esposas de Pastor e mulheres em lideran\u00e7a. Local ABA, com o Tema: Cuidar de ti mesmo um grande desafio! Aproximadamente 40 pessoas<\/p>\n<ul>\n<li><strong>Reuni\u00f5es<\/strong><\/li>\n<\/ul>\n<p>14 e15\/agosto\/19 \u2013 Reuni\u00e3o do Conselho da CBM<\/p>\n<p>02\/dezembro\/19 \u2013 Reuni\u00e3o da Diretoria da UFMBMA-Escrit\u00f3rio.<\/p>\n<p>17\/dezembro\/19 \u2013 Reuni\u00e3o com as Coordenadoras Associacionais e Diretoria Estadual e Confraterniza\u00e7\u00e3o, encerramento com almo\u00e7o.<\/p>\n<ul>\n<li><strong>Oficializa\u00e7\u00e3o<\/strong><\/li>\n<\/ul>\n<p>06\/abril\/19 \u2013 Oficializa\u00e7\u00e3o de MCM PIB Ara\u00e7agi\/ Tania e Cleide Kalil<\/p>\n<p>15\/junho\/19 &#8211; Oficializa\u00e7\u00e3o de <strong>MR<\/strong> \u2013 IB Nova Alian\u00e7a Ribamar<\/p>\n<p>28\/Setembro\/19 \u2013 Oficializa\u00e7\u00e3o de MCM &#8211; Congrega\u00e7\u00e3o Palavra da Vida. Cleide e Rosangela<\/p>\n<p>04\/outubro\/19 \u2013 Oficializa\u00e7\u00e3o da MCM IB Gileade\/ Tania<\/p>\n<p>05\/outubro\/19 \u2013 Oficializa\u00e7\u00e3o dos MCM Congrega\u00e7\u00e3o Batista Ribeira\/Ruth e Dalva<\/p>\n<p>26\/outubro\/19 &#8211; Oficializa\u00e7\u00e3o dos <strong>AM<\/strong> PIB Cachoeira Grande\/ Tania e Edite Maria.<\/p>\n<p>22\/novembro\/19 &#8211; Oficializa\u00e7\u00e3o de MCM Congrega\u00e7\u00e3o em Residencial Tiradentes\/Cleide Kalil<\/p>\n<p>30\/novembro\/19 &#8211; Oficializa\u00e7\u00e3o de <strong>MR<\/strong> PIB Morros\/ Rosangela Duarte<\/p>\n<p>21\/dezembro\/19 &#8211; Oficializa\u00e7\u00e3o de MCM PIB Aurora\/ Eleonildes e Cleide<\/p>\n<h4><strong>5. Planejamentos &#8211; Objetivas metas e determina\u00e7\u00f5es.<\/strong><\/h4>\n<p><strong>Objetivos e metas<\/strong><\/p>\n<ul>\n<li>#UFMBMA MAIS PERTO DE VOC\u00ca 2020 com objetivo de capacitar as lideres das organiza\u00e7\u00f5es mission\u00e1rias a n\u00edvel de Associa\u00e7\u00e3o, de forma pr\u00e1tica e objetiva visando crescimento e fortalecimento qualitativo e quantitativo das igrejas locais por meio das UFMB das associa\u00e7\u00f5es.<\/li>\n<li>Capacitar e dar suporte as lideres Associacionais;<\/li>\n<li>Entendendo a import\u00e2ncia das organiza\u00e7\u00f5es filhas, cada coordenadora de MCM escolher\u00e1 uma mulher para treinar direcionando para a organiza\u00e7\u00e3o MR ou AM.<\/li>\n<li>Apoiar a Conven\u00e7\u00e3o Batista Maranhense em sua vis\u00e3o mission\u00e1ria para o estado.<\/li>\n<li>Elaborar projetos de car\u00e1ter social e evangel\u00edstico a atender a necessidade do ser humano em seus aspectos material, espiritual e social.<\/li>\n<li>Intera\u00e7\u00e3o entre a lideran\u00e7a Associacional e estadual.<\/li>\n<li>Promover atividades que despertem a Voca\u00e7\u00e3o Mission\u00e1ria como Culto de Educa\u00e7\u00e3o Crist\u00e3.<\/li>\n<li>Por meio de oferta cada organiza\u00e7\u00e3o de MCM, MR e AM, Entregar\u00e1 sua contribui\u00e7\u00e3o no Culto de Educa\u00e7\u00e3o Crist\u00e3 Mission\u00e1ria, realizado em uma igreja da sua associa\u00e7\u00e3o e enviada para UFMBMA ou para UFMBB por meio de deposito banc\u00e1rio sendo este enviado a foto do comprovante de deposito para Executiva do campo.<\/li>\n<li>Com base no segundo princ\u00edpio da Igreja Multiplicadora Cada MCM dever\u00e1 realizar o maior numero de Estudos B\u00edblicos usando o livro de Jo\u00e3o, MR realizar estudos colocando em pratica o livro evangelizar o plano perfeito e AM entendendo a import\u00e2ncia do cuidado pessoal e aproxima\u00e7\u00e3o das fam\u00edlias das crian\u00e7as, realizar culto nos lares dos AM.<\/li>\n<li>Fazer levantamento das organiza\u00e7\u00f5es e seus membros a n\u00edvel Associacional e fazer o levantamento estadual,<\/li>\n<li>Cada organiza\u00e7\u00e3o execute as a\u00e7\u00f5es de compaix\u00e3o e gra\u00e7a a cada trimestre.<\/li>\n<li>Que as associa\u00e7\u00f5es ou igrejas venham se reunir na 1\u00aa segunda feira de novembro para realizar o dia de Ora\u00e7\u00e3o Mundial <strong>D Bom<\/strong> e recolher oferta que ser\u00e1 enviada para o campo Maranhense ou diretamente para UFMBB sendo enviada a foto do comprovante de deposito para a executiva do campo.<\/li>\n<li>Que as associa\u00e7\u00f5es realizem no dia 1\u00ba de maio o dia de ora\u00e7\u00e3o e testemunho em uma igreja da regi\u00e3o para que todo o estado esteja unido em ora\u00e7\u00e3o e que sejam registrados os testemunhos e quantidade de pessoas presente.<\/li>\n<li>A\u00e7\u00e3o Mission\u00e1ria local e viajem Mission\u00e1ria.<\/li>\n<\/ul>\n<h4><strong>Determina\u00e7\u00f5es.<\/strong><\/h4>\n<ol>\n<li>Atualiza\u00e7\u00e3o do cadastro de cada organiza\u00e7\u00e3o missionaria da associa\u00e7\u00e3o trimestralmente.<\/li>\n<li>Conta banc\u00e1ria pr\u00f3pria da Uni\u00e3o.<\/li>\n<li>As lideres Associacionais encaminhem seus relat\u00f3rios a cada trimestre.<\/li>\n<li>Compra do S\u00edtio para a UFMBMA.<\/li>\n<\/ol>\n<h4 style=\"text-align: center;\"><strong>\u00a0PREVIS\u00c3O OR\u00c7AMENT\u00c1RIA &#8211; 2020<\/strong><\/h4>\n<p><strong>\u00a0<\/strong><\/p>\n<table width=\"0\">\n<tbody>\n<tr>\n<td colspan=\"3\" width=\"495\"><\/td>\n<td colspan=\"2\" width=\"161\"><\/td>\n<\/tr>\n<tr>\n<td width=\"92\"><strong>1.<\/strong><\/td>\n<td width=\"309\"><strong>RECEITAS <\/strong><\/td>\n<td width=\"94\"><strong>\u00a0<\/strong><\/td>\n<td width=\"85\"><strong>\u00a0<\/strong><\/td>\n<td width=\"76\"><strong>\u00a0<\/strong><\/td>\n<\/tr>\n<tr>\n<td width=\"92\"><strong>1.1<\/strong><\/td>\n<td width=\"309\"><strong>RECEITAS OPERACIONAIS<\/strong><\/td>\n<td width=\"94\"><strong>M\u00c9DIA MENSAL<\/strong><\/td>\n<td width=\"85\"><strong>ANUAL<\/strong><\/td>\n<td width=\"76\"><strong>% ANUAL<\/strong><\/td>\n<\/tr>\n<tr>\n<td width=\"92\">1.1.1<\/td>\n<td width=\"309\">REPASSE CBM 7%<\/td>\n<td width=\"94\">R$\u00a0 2.400,00<\/td>\n<td width=\"85\">R$\u00a0\u00a0\u00a0\u00a0\u00a0\u00a0\u00a0\u00a0\u00a0 28.800,00<\/td>\n<td width=\"76\">43,18%<\/td>\n<\/tr>\n<tr>\n<td width=\"92\">1.1.2<\/td>\n<td width=\"309\">VENDA DE LITERATURA<\/td>\n<td width=\"94\">R$ \u00a03.300,00<\/td>\n<td width=\"85\">R$<\/p>\n<p>39.600,00<\/td>\n<td width=\"76\">56,82%<\/td>\n<\/tr>\n<tr>\n<td width=\"92\">1.1.3<\/td>\n<td width=\"309\">RECEITAS EXTRAORDIN\u00c1RIAS<\/td>\n<td width=\"94\">R$\u00a0\u00a0 \u00a0\u00a0960,00<\/td>\n<td width=\"85\">R$\u00a0\u00a0\u00a0\u00a0\u00a0\u00a0\u00a0\u00a0\u00a0 11.520,00<\/td>\n<td width=\"76\">56,82%<\/td>\n<\/tr>\n<tr>\n<td width=\"92\"><\/td>\n<td width=\"309\">OFERTAS DESIGNADAS (ED. CRIST\u00c3)<\/td>\n<td width=\"94\">R$ \u00a01.000,00<\/td>\n<td width=\"85\">R$\u00a0\u00a0\u00a0\u00a0\u00a0\u00a0\u00a0\u00a0\u00a0 12.000,00<\/td>\n<td width=\"76\">56,82%<\/td>\n<\/tr>\n<tr>\n<td width=\"92\"><strong>2.<\/strong><\/td>\n<td width=\"309\"><strong>TOTAL DAS RECEITAS<\/strong><\/td>\n<td width=\"94\"><strong>R$\u00a0 7.660,00 <\/strong><\/td>\n<td width=\"85\"><strong>R$\u00a0\u00a0\u00a0\u00a0\u00a0\u00a0\u00a0\u00a0\u00a0 91.920,00 <\/strong><\/td>\n<td width=\"76\"><strong>100%<\/strong><\/td>\n<\/tr>\n<tr>\n<td width=\"92\"><strong>2.1.<\/strong><\/td>\n<td width=\"309\"><strong>DESPESAS<\/strong><\/td>\n<td width=\"94\"><strong>M\u00c9DIA MENSAL<\/strong><\/td>\n<td width=\"85\"><strong>ANUAL<\/strong><\/td>\n<td width=\"76\"><strong>% ANUAL<\/strong><\/td>\n<\/tr>\n<tr>\n<td width=\"92\">2.2<\/td>\n<td width=\"309\"><strong>ADMINISTRATIVAS <\/strong>(MATERIAL GR\u00c1FICO, EXPEDIENTE, ALIMENTA\u00c7\u00c3O, BANCO)<\/td>\n<td width=\"94\">R$<\/p>\n<p>700,00<\/td>\n<td width=\"85\">R$\u00a0\u00a0\u00a0\u00a0\u00a0\u00a0\u00a0\u00a0\u00a0\u00a0\u00a0 8.400,00<\/td>\n<td width=\"76\">15,99%<\/td>\n<\/tr>\n<tr>\n<td width=\"92\">2.4<\/td>\n<td width=\"309\"><strong>DPTO <\/strong><strong>PESSOAL<\/strong> (DIRETOR EXECUTIVO)<\/td>\n<td width=\"94\">R$\u00a0\u00a0\u00a0\u00a0\u00a0\u00a0\u00a0\u00a0\u00a0\u00a0\u00a0\u00a0\u00a0\u00a0 1.300,00<\/td>\n<td width=\"85\">R$\u00a0\u00a0\u00a0\u00a0\u00a0\u00a0\u00a0\u00a0\u00a0 15.600,00<\/td>\n<td width=\"76\">27,06%<\/td>\n<\/tr>\n<tr>\n<td width=\"92\">2.5<\/td>\n<td width=\"309\"><strong>REPRESENTATIVIDADE<\/strong> (DIRETOR)<\/td>\n<td width=\"94\">R$\u00a0\u00a0\u00a0\u00a0\u00a0\u00a0\u00a0\u00a0\u00a0\u00a0\u00a0\u00a0\u00a0\u00a0\u00a0\u00a0\u00a0 400,00<\/td>\n<td width=\"85\">R$\u00a0\u00a0\u00a0\u00a0\u00a0\u00a0\u00a0\u00a0\u00a0\u00a0\u00a0 4.800,00<\/td>\n<td width=\"76\">7,73%<\/td>\n<\/tr>\n<tr>\n<td width=\"92\">2.6<\/td>\n<td width=\"309\"><strong>REPRESENTATIVIDADE<\/strong> (PRESIDENTE)<\/td>\n<td width=\"94\">R$\u00a0\u00a0\u00a0\u00a0\u00a0\u00a0\u00a0\u00a0\u00a0\u00a0\u00a0\u00a0\u00a0\u00a0\u00a0\u00a0\u00a0 500,00<\/td>\n<td width=\"85\">R$\u00a0\u00a0\u00a0\u00a0\u00a0\u00a0\u00a0\u00a0\u00a0\u00a0\u00a0 6.000,00<\/td>\n<td width=\"76\">7,73%<\/td>\n<\/tr>\n<tr>\n<td width=\"92\">2.7<\/td>\n<td width=\"309\"><strong>DIVERSOS<\/strong><\/td>\n<td width=\"94\">R$\u00a0\u00a0\u00a0\u00a0\u00a0\u00a0\u00a0\u00a0\u00a0\u00a0\u00a0\u00a0 3.360,00<\/td>\n<td width=\"85\">R$\u00a0\u00a0\u00a0\u00a0\u00a0\u00a0\u00a0\u00a0\u00a0 40.320,00<\/td>\n<td width=\"76\">15,46%<\/td>\n<\/tr>\n<tr>\n<td width=\"92\"><\/td>\n<td width=\"309\"><strong>TRANSPORTE<\/strong> (Executiva presidente e vices presidentes)<\/td>\n<td width=\"94\">R$\u00a0\u00a0\u00a0\u00a0\u00a0\u00a0\u00a0\u00a0\u00a0\u00a0\u00a0\u00a0\u00a0\u00a0\u00a0\u00a0\u00a0 400,00<\/td>\n<td width=\"85\">R$\u00a0\u00a0\u00a0\u00a0\u00a0\u00a0\u00a0\u00a0\u00a0\u00a0\u00a0 4.800,00<\/td>\n<td width=\"76\">7,73%<\/td>\n<\/tr>\n<tr>\n<td width=\"92\"><\/td>\n<td width=\"309\"><strong>REPASSES DESIGNADOS<\/strong><\/td>\n<td width=\"94\">R$\u00a0\u00a0\u00a0\u00a0\u00a0\u00a0\u00a0\u00a0\u00a0\u00a0\u00a0\u00a0\u00a0\u00a0 1.000,00<\/td>\n<td width=\"85\">R$\u00a0\u00a0\u00a0\u00a0\u00a0\u00a0\u00a0\u00a0\u00a0 12.000,00<\/td>\n<td width=\"76\">7,73%<\/td>\n<\/tr>\n<tr>\n<td width=\"92\"><\/td>\n<td width=\"309\"><strong>SUB-TOTAL<\/strong><\/td>\n<td width=\"94\"><strong>R$\u00a0\u00a0\u00a0\u00a0\u00a0\u00a0\u00a0\u00a0\u00a0\u00a0\u00a0\u00a0 7.660,00 <\/strong><\/td>\n<td width=\"85\"><strong>R$\u00a0\u00a0\u00a0\u00a0\u00a0\u00a0\u00a0\u00a0\u00a0 91.920,00 <\/strong><\/td>\n<td width=\"76\"><strong>100,00%<\/strong><\/td>\n<\/tr>\n<tr>\n<td width=\"92\"><strong>RECEITAS<\/strong><\/td>\n<td width=\"309\"><\/td>\n<td width=\"94\"><strong>\u00a0\u00a0\u00a0\u00a0\u00a0\u00a0\u00a0\u00a0\u00a0\u00a0\u00a0\u00a0\u00a0\u00a0\u00a0 7.660,00 <\/strong><\/td>\n<td width=\"85\"><strong>\u00a0\u00a0\u00a0\u00a0\u00a0\u00a0\u00a0\u00a0\u00a0\u00a0\u00a0\u00a0\u00a0\u00a0\u00a0 91.920,00 <\/strong><\/td>\n<td width=\"76\"><strong>100,00%<\/strong><\/td>\n<\/tr>\n<tr>\n<td width=\"92\"><strong>DESPESAS<\/strong><\/td>\n<td width=\"309\"><strong>\u00a0<\/strong><\/td>\n<td width=\"94\"><strong>\u00a0\u00a0\u00a0\u00a0\u00a0\u00a0\u00a0\u00a0\u00a0\u00a0\u00a0\u00a0\u00a0\u00a0\u00a0 7.660,00 <\/strong><\/td>\n<td width=\"85\"><strong>\u00a0\u00a0\u00a0\u00a0\u00a0\u00a0\u00a0\u00a0\u00a0\u00a0\u00a0\u00a0\u00a0\u00a0\u00a0 91.920,00 <\/strong><\/td>\n<td width=\"76\"><strong>\u00a0<\/strong><\/td>\n<\/tr>\n<\/tbody>\n<\/table>\n<p>&nbsp;<\/p>\n<h4 style=\"text-align: center;\">RELAT\u00d3RIO FINANCEIRO &#8211; 2019<\/h4>\n<p><strong><img loading=\"lazy\" decoding=\"async\" class=\"alignleft wp-image-2785 size-full\" src=\"https:\/\/batista-ma.org.br\/wp-content\/uploads\/2018\/03\/RELATORIO-FINANCEIRO-2019-F1.jpg\" alt=\"\" width=\"451\" height=\"641\" srcset=\"https:\/\/batista-ma.org.br\/wp-content\/uploads\/2018\/03\/RELATORIO-FINANCEIRO-2019-F1.jpg 451w, https:\/\/batista-ma.org.br\/wp-content\/uploads\/2018\/03\/RELATORIO-FINANCEIRO-2019-F1-211x300.jpg 211w\" sizes=\"(max-width: 451px) 100vw, 451px\" \/>\u00a0 \u00a0 \u00a0 \u00a0 \u00a0<\/strong> <strong>\u00a0\u00a0\u00a0\u00a0\u00a0\u00a0\u00a0\u00a0\u00a0\u00a0\u00a0\u00a0\u00a0<\/strong> <strong>\u00a0<\/strong><\/p>\n<p>&nbsp;<\/p>\n<p><strong>\u00a0\u00a0 <\/strong><\/p>\n<p>&nbsp;<\/p>\n<p>&nbsp;<\/p>\n<p>&nbsp;<\/p>\n<p>&nbsp;<\/p>\n<p>&nbsp;<\/p>\n<p>&nbsp;<\/p>\n<p>&nbsp;<\/p>\n<p>&nbsp;<\/p>\n<p>&nbsp;<\/p>\n<p>&nbsp;<\/p>\n<p>&nbsp;<\/p>\n<p>&nbsp;<\/p>\n<p>&nbsp;<\/p>\n<p>&nbsp;<\/p>\n<p>&nbsp;<\/p>\n<p><img loading=\"lazy\" decoding=\"async\" class=\"alignleft wp-image-2786 size-full\" src=\"https:\/\/batista-ma.org.br\/wp-content\/uploads\/2018\/03\/RELAT\u00d3RIO-FINANCEIRO-2019-F2.jpg\" alt=\"\" width=\"448\" height=\"626\" srcset=\"https:\/\/batista-ma.org.br\/wp-content\/uploads\/2018\/03\/RELAT\u00d3RIO-FINANCEIRO-2019-F2.jpg 448w, https:\/\/batista-ma.org.br\/wp-content\/uploads\/2018\/03\/RELAT\u00d3RIO-FINANCEIRO-2019-F2-215x300.jpg 215w\" sizes=\"(max-width: 448px) 100vw, 448px\" \/><\/p>\n<p>&nbsp;<\/p>\n<p>&nbsp;<\/p>\n<p>&nbsp;<\/p>\n<p>&nbsp;<\/p>\n<p>&nbsp;<\/p>\n<p>&nbsp;<\/p>\n<p>&nbsp;<\/p>\n<p>&nbsp;<\/p>\n<p>&nbsp;<\/p>\n<p>&nbsp;<\/p>\n<p>&nbsp;<\/p>\n<p>&nbsp;<\/p>\n<p>&nbsp;<\/p>\n<p>&nbsp;<\/p>\n<p>&nbsp;<\/p>\n<p>&nbsp;<\/p>\n<p>&nbsp;<\/p>\n<p><img loading=\"lazy\" decoding=\"async\" class=\"wp-image-2787 size-full alignnone\" src=\"https:\/\/batista-ma.org.br\/wp-content\/uploads\/2018\/03\/RELAT\u00d3RIO-FINANCEIRO-2019-F3.jpg\" alt=\"\" width=\"541\" height=\"159\" srcset=\"https:\/\/batista-ma.org.br\/wp-content\/uploads\/2018\/03\/RELAT\u00d3RIO-FINANCEIRO-2019-F3.jpg 541w, https:\/\/batista-ma.org.br\/wp-content\/uploads\/2018\/03\/RELAT\u00d3RIO-FINANCEIRO-2019-F3-300x88.jpg 300w\" sizes=\"(max-width: 541px) 100vw, 541px\" \/><\/p>\n<p style=\"text-align: center;\">UNI\u00c3O FEMININA MISSION\u00c1RIA BATISTA MARANHENSE<br \/>\nAv. Get\u00falio Vargas, 1774 \u2022 Canto da Fabril &#8211; S\u00e3o Lu\u00eds\/MA.<br \/>\nContatos: 3304-8400 \/ 981091032 \/ T\u00e2nia (Sec. Executiva) 9 8851-1209<\/p>\n<p style=\"text-align: center;\">e-mail: <a href=\"mailto:ufmb_ma@hotmail.com\">ufmb_ma@hotmail.com\u00a0<\/a> CNPJ: 13.704.752\/0001-85<\/p>\n<p>&nbsp;<\/p>\n<p>&nbsp;<\/p>\n<p>&nbsp;<\/p>\n<p>&nbsp;<\/p>\n<p>&nbsp;<\/p>\n<p>&nbsp;<\/p>\n<p>&nbsp;<\/p>\n","protected":false},"excerpt":{"rendered":"<p>Relat\u00f3rio de atividades\u00a0 \u00a0Janeiro2019 a Dezembro2019 4. Atividades Realizadas de Janeiro a dezembro de 2019 4.1 Assembleia e congresso 23\/fevereiro\/19 \u2013 Assembleia Extraordin\u00e1ria \/Col\u00e9gio Batista 12 e 13\/abril\/19 \u2013 Assembleia da Associa\u00e7\u00e3o dos Cocais&#8211; PIB CAXIAS\/ Cleide K e Tania B. 24 \/abril\/19\u2013 Representa\u00e7\u00e3o na Assembleia Inspirativa da UFMBB em Natal. Tania B, Rosangela e [&hellip;]<\/p>\n","protected":false},"author":2,"featured_media":0,"parent":0,"menu_order":0,"comment_status":"closed","ping_status":"closed","template":"","meta":{"_themeisle_gutenberg_block_has_review":false,"footnotes":""},"class_list":["post-2523","page","type-page","status-publish"],"_links":{"self":[{"href":"https:\/\/batista-ma.org.br\/index.php?rest_route=\/wp\/v2\/pages\/2523"}],"collection":[{"href":"https:\/\/batista-ma.org.br\/index.php?rest_route=\/wp\/v2\/pages"}],"about":[{"href":"https:\/\/batista-ma.org.br\/index.php?rest_route=\/wp\/v2\/types\/page"}],"author":[{"embeddable":true,"href":"https:\/\/batista-ma.org.br\/index.php?rest_route=\/wp\/v2\/users\/2"}],"replies":[{"embeddable":true,"href":"https:\/\/batista-ma.org.br\/index.php?rest_route=%2Fwp%2Fv2%2Fcomments&post=2523"}],"version-history":[{"count":2,"href":"https:\/\/batista-ma.org.br\/index.php?rest_route=\/wp\/v2\/pages\/2523\/revisions"}],"predecessor-version":[{"id":2920,"href":"https:\/\/batista-ma.org.br\/index.php?rest_route=\/wp\/v2\/pages\/2523\/revisions\/2920"}],"wp:attachment":[{"href":"https:\/\/batista-ma.org.br\/index.php?rest_route=%2Fwp%2Fv2%2Fmedia&parent=2523"}],"curies":[{"name":"wp","href":"https:\/\/api.w.org\/{rel}","templated":true}]}}